{"id":42,"date":"2016-06-06T13:56:01","date_gmt":"2016-06-06T11:56:01","guid":{"rendered":"http:\/\/sonam.bzh\/?page_id=42"},"modified":"2026-04-28T11:06:28","modified_gmt":"2026-04-28T09:06:28","slug":"professeurs","status":"publish","type":"page","link":"https:\/\/sonam.bzh\/br\/ecole-de-musique\/professeurs\/","title":{"rendered":"Ar gelennerion"},"content":{"rendered":"<p><\/p>\n<table style=\"border-collapse: collapse;width: 100%;height: 1309px\">\n<tbody>\n<tr style=\"height: 65px\">\n<td style=\"width: 50%;border-style: solid;border-color: #000000;background-color: #dcdc1e;text-align: center;height: 65px\" colspan=\"2\">\n<h3><span style=\"color: #008000\"><strong>Les professeurs de l&rsquo;\u00e9cole de musique Sonam&rsquo; &#8211; 2024 2025<\/strong><\/span><\/h3>\n<\/td>\n<\/tr>\n<tr style=\"height: 66px\">\n<td style=\"width: 25%;border-style: solid;border-color: #000000;height: 66px\">\n<ul>\n<li>\n<h4><a href=\"\/\/sonam.bzh\/2023\/07\/13\/atelier-de-chant\u2026-nouvelle-equipe\/\"><span style=\"color: #000000\">BINET C\u00e9dric<\/span><\/a><\/h4>\n<\/li>\n<\/ul>\n<\/td>\n<td style=\"width: 25%;border-style: solid;border-color: #000000;height: 66px\">\n<h3><span style=\"font-size: 17px;color: #000000\">Atelier de chant traditionnel<\/span><\/h3>\n<\/td>\n<\/tr>\n<tr style=\"height: 28px\">\n<td style=\"width: 25%;height: 28px;border-style: solid;border-color: #000000\">\n<ul>\n<li>\n<h4><span style=\"color: #000000\"><a style=\"font-size: 17px;font-family: inherit;font-weight: inherit;color: #000000\" href=\"http:\/\/sonam.bzh\/ecole-de-musique\/professeurs\/etienne-callac\/\">CALLAC Etienne<\/a><\/span><\/h4>\n<\/li>\n<\/ul>\n<\/td>\n<td style=\"width: 25%;height: 28px;border-style: solid;border-color: #000000\">\n<h3><span style=\"color: #000000\"><span style=\"font-size: 17px\">Cours de guitare basse<\/span><\/span><\/h3>\n<\/td>\n<\/tr>\n<tr style=\"height: 28px\">\n<td style=\"width: 25%;height: 28px;border-style: solid;border-color: #000000\">\n<ul>\n<li>\n<h4><span style=\"color: #000000\"><a style=\"color: #000000\" href=\"http:\/\/sonam.bzh\/ecole-de-musique\/professeurs\/glenn-dagorn\/\">DAGORN Glenn<\/a><\/span><\/h4>\n<\/li>\n<\/ul>\n<\/td>\n<td style=\"width: 25%;height: 28px;border-style: solid;border-color: #000000\">\n<h3><span style=\"color: #000000\">Cours de piano, claviers, batterie, cajon, \u00e9veil musical et d\u00e9couverte musicale<\/span><\/h3>\n<h3><span style=\"color: #000000\">Atelier Triton et Cie (formation musicale)<\/span><\/h3>\n<h3><span style=\"color: #000000\">Atelier Percussions<\/span><\/h3>\n<h3><span style=\"color: #000000\">L&rsquo;orchestre des petites vacances<\/span><\/h3>\n<\/td>\n<\/tr>\n<tr style=\"height: 28px\">\n<td style=\"width: 25%;height: 28px;border-color: #000000;border-style: solid\">\n<ul>\n<li>\n<h4><span style=\"color: #000000\"><a style=\"color: #000000\" href=\"http:\/\/sonam.bzh\/ecole-de-musique\/professeurs\/gwenn-daniel\/\">DANIEL Gwenn<\/a>\u00a0<\/span><\/h4>\n<\/li>\n<\/ul>\n<\/td>\n<td style=\"width: 25%;height: 28px;border-color: #000000;border-style: solid\">\n<h3><span style=\"color: #000000\">Cours de piano, claviers<\/span><\/h3>\n<\/td>\n<\/tr>\n<tr style=\"height: 28px\">\n<td style=\"width: 25%;height: 28px;border-color: #000000;border-style: solid\">\n<ul>\n<li>\n<h4><a href=\"\/\/sonam.bzh\/ecole-de-musique\/professeurs\/marion-delorme\/\"><span style=\"color: #000000\">DELORME Marion<\/span><\/a><\/h4>\n<\/li>\n<\/ul>\n<\/td>\n<td style=\"width: 25%;height: 28px;border-color: #000000;border-style: solid\">\n<h3><span style=\"color: #000000\">Cours de violoncelle<\/span><\/h3>\n<h3><span style=\"color: #000000\">Atelier Cordissimo<\/span><\/h3>\n<\/td>\n<\/tr>\n<tr style=\"height: 28px\">\n<td style=\"width: 25%;height: 28px;border-color: #000000;border-style: solid\">\n<ul>\n<li>\n<h4><span style=\"color: #000000\"><a style=\"color: #000000\" href=\"http:\/\/sonam.bzh\/ecole-de-musique\/professeurs\/fred-gauter\/\">GAUTER Fred<\/a><\/span><\/h4>\n<\/li>\n<\/ul>\n<\/td>\n<td style=\"width: 25%;height: 28px;border-color: #000000;border-style: solid\">\n<h3><span style=\"color: #000000\">Cours de guitare, guitare basse, batterie<\/span><\/h3>\n<h3><span style=\"color: #000000\">Atelier Musiques actuelles<\/span><\/h3>\n<\/td>\n<\/tr>\n<tr style=\"height: 28px\">\n<td style=\"width: 25%;height: 28px;border-color: #000000;border-style: solid\">\n<ul>\n<li>\n<h4><span style=\"color: #000000\"><a style=\"color: #000000\" href=\"http:\/\/sonam.bzh\/ecole-de-musique\/professeurs\/arthmael-giraudon\/\">GIRAUDON Arth-Ma\u00ebl<\/a><\/span><\/h4>\n<\/li>\n<\/ul>\n<\/td>\n<td style=\"width: 25%;height: 28px;border-color: #000000;border-style: solid\">\n<h3><span style=\"color: #000000\">Cours de saxophone<\/span><\/h3>\n<h3><span style=\"color: #000000\">Atelier Fanfare<\/span><\/h3>\n<\/td>\n<\/tr>\n<tr style=\"height: 28px\">\n<td style=\"width: 25%;height: 28px;border-color: #000000;border-style: solid\">\n<ul>\n<li>\n<h4><span style=\"color: #000000\"><a style=\"color: #000000\" href=\"http:\/\/sonam.bzh\/ecole-de-musique\/professeurs\/sebastien-gocsei\/\">GOCSE\u00cf S\u00e9bastien<\/a><\/span><\/h4>\n<\/li>\n<\/ul>\n<\/td>\n<td style=\"width: 25%;height: 28px;border-color: #000000;border-style: solid\">\n<h3><span style=\"color: #000000\">Cours de guitare, ukul\u00e9l\u00e9, \u00e9veil musical<\/span><\/h3>\n<h3><span style=\"color: #000000\">Atelier guitare et\/ou chant<\/span><\/h3>\n<h3><span style=\"color: #000000\">Atelier chant pour enfants<\/span><\/h3>\n<h3><span style=\"color: #000000\">L&rsquo;orchestre des possibles<\/span><\/h3>\n<h3><span style=\"color: #000000\">Musicien Dumiste intervenant dans les \u00e9coles<\/span><\/h3>\n<\/td>\n<\/tr>\n<tr style=\"height: 28px\">\n<td style=\"width: 25%;height: 28px;border-color: #000000;border-style: solid\">\n<ul>\n<li>\n<h4><a href=\"\/\/sonam.bzh\/ecole-de-musique\/professeurs\/marc-jacquier\/\"><span style=\"color: #000000\">JACQUIER Marc<\/span><\/a><\/h4>\n<\/li>\n<\/ul>\n<\/td>\n<td style=\"width: 25%;height: 28px;border-color: #000000;border-style: solid\">\n<h3><span style=\"color: #000000\">Cours de guitare, ukul\u00e9l\u00e9<\/span><\/h3>\n<\/td>\n<\/tr>\n<tr style=\"height: 65px\">\n<td style=\"width: 25%;border-color: #000000;border-style: solid;height: 65px\">\n<ul>\n<li>\n<h4><a href=\"https:\/\/sonam.bzh\/ecole-de-musique\/professeurs\/elodie-jaffre\/\"><span style=\"color: #000000\">JAFFRE Elodie<\/span><\/a><\/h4>\n<\/li>\n<\/ul>\n<\/td>\n<td style=\"width: 25%;border-color: #000000;border-style: solid;height: 65px\">\n<h3><span style=\"color: #000000\">Atelier chant en breton pour enfants<\/span><\/h3>\n<\/td>\n<\/tr>\n<tr style=\"height: 65px\">\n<td style=\"width: 25%;border-color: #000000;border-style: solid;height: 65px\">\n<ul>\n<li>\n<h4><a href=\"\/\/sonam.bzh\/2023\/07\/13\/atelier-de-chant\u2026-nouvelle-equipe\/\"><span style=\"color: #000000\">LE GOFF Emilie<\/span><\/a><\/h4>\n<\/li>\n<\/ul>\n<\/td>\n<td style=\"width: 25%;border-color: #000000;border-style: solid;height: 65px\">\n<h3><span style=\"color: #000000\">Atelier de chant traditionnel<\/span><\/h3>\n<\/td>\n<\/tr>\n<tr style=\"height: 98px\">\n<td style=\"width: 25%;height: 98px;border-color: #000000;border-style: solid\">\n<ul>\n<li>\n<h4><a href=\"\/\/sonam.bzh\/ecole-de-musique\/professeurs\/brewen-le-guellec\/\"><span style=\"color: #000000\">LE GUELLEC Brewen<\/span><\/a><\/h4>\n<\/li>\n<\/ul>\n<\/td>\n<td style=\"width: 25%;height: 98px;border-color: #000000;border-style: solid\">\n<h3><span style=\"color: #000000\">Cours d&rsquo;accord\u00e9on diatonique<\/span><\/h3>\n<h3><span style=\"color: #000000\">Atelier Musique bretonne<\/span><\/h3>\n<\/td>\n<\/tr>\n<tr style=\"height: 56px\">\n<td style=\"width: 25%;height: 56px;border-color: #000000;border-style: solid\">\n<ul>\n<li>\n<h4><span style=\"color: #000000\"><a style=\"color: #000000\" href=\"http:\/\/sonam.bzh\/ecole-de-musique\/professeurs\/solene-marrec\/\">MARREC Sol\u00e8ne<\/a><\/span><\/h4>\n<\/li>\n<\/ul>\n<\/td>\n<td style=\"width: 25%;height: 56px;border-color: #000000;border-style: solid\">\n<h3><span style=\"color: #000000\">Cours de batterie, piano, claviers<\/span><\/h3>\n<\/td>\n<\/tr>\n<tr style=\"height: 84px\">\n<td style=\"width: 25%;height: 84px;border-color: #000000;border-style: solid\">\n<ul>\n<li><strong>MARTIN St\u00e9phane<\/strong><\/li>\n<\/ul>\n<\/td>\n<td style=\"width: 25%;height: 84px;border-color: #000000;border-style: solid\">\n<h3><span style=\"color: #000000\">Cours de batterie<\/span><\/h3>\n<\/td>\n<\/tr>\n<tr style=\"height: 56px\">\n<td style=\"width: 25%;height: 56px;border-color: #000000;border-style: solid\">\n<ul>\n<li>\n<h4><span style=\"color: #000000\"><a style=\"color: #000000\" href=\"http:\/\/sonam.bzh\/ecole-de-musique\/professeurs\/benoit-marty\/\">MARTY Beno\u00eet<\/a><\/span><\/h4>\n<\/li>\n<\/ul>\n<\/td>\n<td style=\"width: 25%;height: 56px;border-color: #000000;border-style: solid\">\n<h3><span style=\"color: #000000\">Cours de piano, claviers, cuivres (trompette, cornet, bugle, trombone, tuba, cor)<\/span><\/h3>\n<h3><span style=\"color: #000000\">Atelier Ensemble \u00e0 vents<\/span><\/h3>\n<\/td>\n<\/tr>\n<tr style=\"height: 56px\">\n<td style=\"width: 25%;height: 56px;border-color: #000000;border-style: solid\">\n<ul style=\"list-style-type: disc\">\n<li><strong><span style=\"color: #000000\"><a style=\"color: #000000\" href=\"http:\/\/sonam.bzh\/ecole-de-musique\/professeurs\/anne-mercier\/\">MERCIER Anne<\/a><\/span><\/strong><\/li>\n<\/ul>\n<\/td>\n<td style=\"width: 25%;height: 56px;border-color: #000000;border-style: solid\">\n<h4><em><span style=\"color: #000000;font-size: inherit\">Accord\u00e9on chromatique<\/span><\/em><\/h4>\n<\/td>\n<\/tr>\n<tr style=\"height: 98px\">\n<td style=\"width: 25%;height: 71px;border-color: #000000;border-style: solid\">\n<ul>\n<li>\n<h4><span style=\"color: #000000\"><a style=\"color: #000000\" href=\"http:\/\/sonam.bzh\/ecole-de-musique\/professeurs\/eliza-perrin\/\">PERRIN Eliza<\/a><\/span><\/h4>\n<\/li>\n<\/ul>\n<\/td>\n<td style=\"width: 25%;height: 71px;border-color: #000000;border-style: solid\">\n<h3><span style=\"color: #000000\">Cours de fl\u00fbte traversi\u00e8re (m\u00e9tal et bois)<\/span><\/h3>\n<h3><span style=\"color: #000000\">Cours de fl\u00fbtes irlandaises<\/span><\/h3>\n<\/td>\n<\/tr>\n<tr style=\"height: 56px\">\n<td style=\"width: 25%;height: 56px;border-color: #000000;border-style: solid\">\n<ul>\n<li>\n<h4><a href=\"https:\/\/sonam.bzh\/ecole-de-musique\/professeurs\/sylvie-podolack\/\"><span style=\"color: #000000\">PODOLACK Sylvie<\/span><\/a><\/h4>\n<\/li>\n<\/ul>\n<\/td>\n<td style=\"width: 25%;height: 56px;border-color: #000000;border-style: solid\">\n<h3><span style=\"color: #000000\">Cours de violon<\/span><\/h3>\n<\/td>\n<\/tr>\n<tr style=\"height: 56px\">\n<td style=\"width: 25%;height: 56px;border-color: #000000;border-style: solid\">\n<ul>\n<li>\n<h4><span style=\"color: #000000\"><a style=\"color: #000000\" href=\"http:\/\/sonam.bzh\/ecole-de-musique\/professeurs\/mallory-pogam\/\">POGAM Mallory<\/a><\/span><\/h4>\n<\/li>\n<\/ul>\n<\/td>\n<td style=\"width: 25%;height: 56px;border-color: #000000;border-style: solid\">\n<h3><span style=\"color: #000000\">Cours de cornemuse \u00e9cossaise, smallpipe, uilleann pipe<\/span><\/h3>\n<\/td>\n<\/tr>\n<tr style=\"height: 56px\">\n<td style=\"width: 25%;height: 56px;border-color: #000000;border-style: solid\">\n<ul>\n<li>\n<h4><a href=\"https:\/\/sonam.bzh\/ecole-de-musique\/professeurs\/charles-quimbert\/\"><span style=\"color: #000000\">QUIMBERT Charles<\/span><\/a><\/h4>\n<\/li>\n<\/ul>\n<\/td>\n<td style=\"width: 25%;height: 56px;border-color: #000000;border-style: solid\">\n<h3><span style=\"color: #000000\">Atelier chant &laquo;&nbsp;Voix en chantier&nbsp;&raquo;<\/span><\/h3>\n<\/td>\n<\/tr>\n<tr style=\"height: 56px\">\n<td style=\"width: 25%;height: 56px;border-color: #000000;border-style: solid\">\n<ul>\n<li>\n<h4><a href=\"\/\/sonam.bzh\/ecole-de-musique\/professeurs\/gael-runigo\/\"><span style=\"color: #000000\">RUNIGO Ga\u00ebl<\/span><\/a><\/h4>\n<\/li>\n<\/ul>\n<\/td>\n<td style=\"width: 25%;height: 56px;border-color: #000000;border-style: solid\">\n<h3><span style=\"color: #000000\">Cours d&rsquo;accord\u00e9on diatonique<\/span><\/h3>\n<\/td>\n<\/tr>\n<tr style=\"height: 65px\">\n<td style=\"width: 25%;border-color: #000000;border-style: solid;height: 65px\">\n<ul>\n<li>\n<h4><a href=\"https:\/\/sonam.bzh\/ecole-de-musique\/professeurs\/nicolas-syz\/\"><span style=\"color: #000000\">SYZ Nicolas<\/span><\/a><\/h4>\n<\/li>\n<\/ul>\n<\/td>\n<td style=\"width: 25%;border-color: #000000;border-style: solid;height: 65px\">\n<h3><span style=\"color: #000000\">Cours de clarinette, de bombarde, de biniou<\/span><\/h3>\n<\/td>\n<\/tr>\n<tr style=\"height: 114px\">\n<td style=\"width: 25%;border-color: #000000;border-style: solid;height: 114px\">\n<ul>\n<li>\n<h4><a href=\"https:\/\/sonam.bzh\/ecole-de-musique\/professeurs\/marianne-tertrais\/\"><span style=\"color: #000000\">TERTRAIS Marianne<\/span><\/a><\/h4>\n<\/li>\n<\/ul>\n<\/td>\n<td style=\"width: 25%;border-color: #000000;border-style: solid;height: 114px\">\n<h3><span style=\"color: #000000\">Cours de harpe celtique<\/span><\/h3>\n<h3><span style=\"color: #000000\">Musicienne Dumiste intervenante dans les \u00e9coles<\/span><\/h3>\n<\/td>\n<\/tr>\n<\/tbody>\n<\/table>\n<p>&nbsp;<\/p>\n<\/p>\n<table style=\"border-collapse: collapse;width: 100%;height: 1309px\">\n<tbody>\n<tr style=\"height: 65px\">\n<td style=\"width: 50%;border-style: solid;border-color: #000000;background-color: #dcdc1e;text-align: center;height: 65px\" colspan=\"2\">\n<h3><span style=\"color: #008000\"><strong>Les professeurs de l&rsquo;\u00e9cole de musique Sonam&rsquo; &#8211; 2024 2025<\/strong><\/span><\/h3>\n<\/td>\n<\/tr>\n<tr style=\"height: 66px\">\n<td style=\"width: 25%;border-style: solid;border-color: #000000;height: 66px\">\n<ul>\n<li>\n<h4><a href=\"\/\/sonam.bzh\/2023\/07\/13\/atelier-de-chant\u2026-nouvelle-equipe\/\"><span style=\"color: #000000\">BINET C\u00e9dric<\/span><\/a><\/h4>\n<\/li>\n<\/ul>\n<\/td>\n<td style=\"width: 25%;border-style: solid;border-color: #000000;height: 66px\">\n<h3><span style=\"font-size: 17px;color: #000000\">Atelier de chant traditionnel<\/span><\/h3>\n<\/td>\n<\/tr>\n<tr style=\"height: 28px\">\n<td style=\"width: 25%;height: 28px;border-style: solid;border-color: #000000\">\n<ul>\n<li>\n<h4><span style=\"color: #000000\"><a style=\"font-size: 17px;font-family: inherit;font-weight: inherit;color: #000000\" href=\"http:\/\/sonam.bzh\/ecole-de-musique\/professeurs\/etienne-callac\/\">CALLAC Etienne<\/a><\/span><\/h4>\n<\/li>\n<\/ul>\n<\/td>\n<td style=\"width: 25%;height: 28px;border-style: solid;border-color: #000000\">\n<h3><span style=\"color: #000000\"><span style=\"font-size: 17px\">Cours de guitare basse<\/span><\/span><\/h3>\n<\/td>\n<\/tr>\n<tr style=\"height: 28px\">\n<td style=\"width: 25%;height: 28px;border-style: solid;border-color: #000000\">\n<ul>\n<li>\n<h4><span style=\"color: #000000\"><a style=\"color: #000000\" href=\"http:\/\/sonam.bzh\/ecole-de-musique\/professeurs\/glenn-dagorn\/\">DAGORN Glenn<\/a><\/span><\/h4>\n<\/li>\n<\/ul>\n<\/td>\n<td style=\"width: 25%;height: 28px;border-style: solid;border-color: #000000\">\n<h3><span style=\"color: #000000\">Cours de piano, claviers, batterie, cajon, \u00e9veil musical et d\u00e9couverte musicale<\/span><\/h3>\n<h3><span style=\"color: #000000\">Atelier Triton et Cie (formation musicale)<\/span><\/h3>\n<h3><span style=\"color: #000000\">Atelier Percussions<\/span><\/h3>\n<h3><span style=\"color: #000000\">L&rsquo;orchestre des petites vacances<\/span><\/h3>\n<\/td>\n<\/tr>\n<tr style=\"height: 28px\">\n<td style=\"width: 25%;height: 28px;border-color: #000000;border-style: solid\">\n<ul>\n<li>\n<h4><span style=\"color: #000000\"><a style=\"color: #000000\" href=\"http:\/\/sonam.bzh\/ecole-de-musique\/professeurs\/gwenn-daniel\/\">DANIEL Gwenn<\/a>\u00a0<\/span><\/h4>\n<\/li>\n<\/ul>\n<\/td>\n<td style=\"width: 25%;height: 28px;border-color: #000000;border-style: solid\">\n<h3><span style=\"color: #000000\">Cours de piano, claviers<\/span><\/h3>\n<\/td>\n<\/tr>\n<tr style=\"height: 28px\">\n<td style=\"width: 25%;height: 28px;border-color: #000000;border-style: solid\">\n<ul>\n<li>\n<h4><a href=\"\/\/sonam.bzh\/ecole-de-musique\/professeurs\/marion-delorme\/\"><span style=\"color: #000000\">DELORME Marion<\/span><\/a><\/h4>\n<\/li>\n<\/ul>\n<\/td>\n<td style=\"width: 25%;height: 28px;border-color: #000000;border-style: solid\">\n<h3><span style=\"color: #000000\">Cours de violoncelle<\/span><\/h3>\n<h3><span style=\"color: #000000\">Atelier Cordissimo<\/span><\/h3>\n<\/td>\n<\/tr>\n<tr style=\"height: 28px\">\n<td style=\"width: 25%;height: 28px;border-color: #000000;border-style: solid\">\n<ul>\n<li>\n<h4><span style=\"color: #000000\"><a style=\"color: #000000\" href=\"http:\/\/sonam.bzh\/ecole-de-musique\/professeurs\/fred-gauter\/\">GAUTER Fred<\/a><\/span><\/h4>\n<\/li>\n<\/ul>\n<\/td>\n<td style=\"width: 25%;height: 28px;border-color: #000000;border-style: solid\">\n<h3><span style=\"color: #000000\">Cours de guitare, guitare basse, batterie<\/span><\/h3>\n<h3><span style=\"color: #000000\">Atelier Musiques actuelles<\/span><\/h3>\n<\/td>\n<\/tr>\n<tr style=\"height: 28px\">\n<td style=\"width: 25%;height: 28px;border-color: #000000;border-style: solid\">\n<ul>\n<li>\n<h4><span style=\"color: #000000\"><a style=\"color: #000000\" href=\"http:\/\/sonam.bzh\/ecole-de-musique\/professeurs\/arthmael-giraudon\/\">GIRAUDON Arth-Ma\u00ebl<\/a><\/span><\/h4>\n<\/li>\n<\/ul>\n<\/td>\n<td style=\"width: 25%;height: 28px;border-color: #000000;border-style: solid\">\n<h3><span style=\"color: #000000\">Cours de saxophone<\/span><\/h3>\n<h3><span style=\"color: #000000\">Atelier Fanfare<\/span><\/h3>\n<\/td>\n<\/tr>\n<tr style=\"height: 28px\">\n<td style=\"width: 25%;height: 28px;border-color: #000000;border-style: solid\">\n<ul>\n<li>\n<h4><span style=\"color: #000000\"><a style=\"color: #000000\" href=\"http:\/\/sonam.bzh\/ecole-de-musique\/professeurs\/sebastien-gocsei\/\">GOCSE\u00cf S\u00e9bastien<\/a><\/span><\/h4>\n<\/li>\n<\/ul>\n<\/td>\n<td style=\"width: 25%;height: 28px;border-color: #000000;border-style: solid\">\n<h3><span style=\"color: #000000\">Cours de guitare, ukul\u00e9l\u00e9, \u00e9veil musical<\/span><\/h3>\n<h3><span style=\"color: #000000\">Atelier guitare et\/ou chant<\/span><\/h3>\n<h3><span style=\"color: #000000\">Atelier chant pour enfants<\/span><\/h3>\n<h3><span style=\"color: #000000\">L&rsquo;orchestre des possibles<\/span><\/h3>\n<h3><span style=\"color: #000000\">Musicien Dumiste intervenant dans les \u00e9coles<\/span><\/h3>\n<\/td>\n<\/tr>\n<tr style=\"height: 28px\">\n<td style=\"width: 25%;height: 28px;border-color: #000000;border-style: solid\">\n<ul>\n<li>\n<h4><a href=\"\/\/sonam.bzh\/ecole-de-musique\/professeurs\/marc-jacquier\/\"><span style=\"color: #000000\">JACQUIER Marc<\/span><\/a><\/h4>\n<\/li>\n<\/ul>\n<\/td>\n<td style=\"width: 25%;height: 28px;border-color: #000000;border-style: solid\">\n<h3><span style=\"color: #000000\">Cours de guitare, ukul\u00e9l\u00e9<\/span><\/h3>\n<\/td>\n<\/tr>\n<tr style=\"height: 65px\">\n<td style=\"width: 25%;border-color: #000000;border-style: solid;height: 65px\">\n<ul>\n<li>\n<h4><a href=\"https:\/\/sonam.bzh\/ecole-de-musique\/professeurs\/elodie-jaffre\/\"><span style=\"color: #000000\">JAFFRE Elodie<\/span><\/a><\/h4>\n<\/li>\n<\/ul>\n<\/td>\n<td style=\"width: 25%;border-color: #000000;border-style: solid;height: 65px\">\n<h3><span style=\"color: #000000\">Atelier chant en breton pour enfants<\/span><\/h3>\n<\/td>\n<\/tr>\n<tr style=\"height: 65px\">\n<td style=\"width: 25%;border-color: #000000;border-style: solid;height: 65px\">\n<ul>\n<li>\n<h4><a href=\"\/\/sonam.bzh\/2023\/07\/13\/atelier-de-chant\u2026-nouvelle-equipe\/\"><span style=\"color: #000000\">LE GOFF Emilie<\/span><\/a><\/h4>\n<\/li>\n<\/ul>\n<\/td>\n<td style=\"width: 25%;border-color: #000000;border-style: solid;height: 65px\">\n<h3><span style=\"color: #000000\">Atelier de chant traditionnel<\/span><\/h3>\n<\/td>\n<\/tr>\n<tr style=\"height: 98px\">\n<td style=\"width: 25%;height: 98px;border-color: #000000;border-style: solid\">\n<ul>\n<li>\n<h4><a href=\"\/\/sonam.bzh\/ecole-de-musique\/professeurs\/brewen-le-guellec\/\"><span style=\"color: #000000\">LE GUELLEC Brewen<\/span><\/a><\/h4>\n<\/li>\n<\/ul>\n<\/td>\n<td style=\"width: 25%;height: 98px;border-color: #000000;border-style: solid\">\n<h3><span style=\"color: #000000\">Cours d&rsquo;accord\u00e9on diatonique<\/span><\/h3>\n<h3><span style=\"color: #000000\">Atelier Musique bretonne<\/span><\/h3>\n<\/td>\n<\/tr>\n<tr style=\"height: 56px\">\n<td style=\"width: 25%;height: 56px;border-color: #000000;border-style: solid\">\n<ul>\n<li>\n<h4><span style=\"color: #000000\"><a style=\"color: #000000\" href=\"http:\/\/sonam.bzh\/ecole-de-musique\/professeurs\/solene-marrec\/\">MARREC Sol\u00e8ne<\/a><\/span><\/h4>\n<\/li>\n<\/ul>\n<\/td>\n<td style=\"width: 25%;height: 56px;border-color: #000000;border-style: solid\">\n<h3><span style=\"color: #000000\">Cours de batterie, piano, claviers<\/span><\/h3>\n<\/td>\n<\/tr>\n<tr style=\"height: 84px\">\n<td style=\"width: 25%;height: 84px;border-color: #000000;border-style: solid\">\n<ul>\n<li><strong>MARTIN St\u00e9phane<\/strong><\/li>\n<\/ul>\n<\/td>\n<td style=\"width: 25%;height: 84px;border-color: #000000;border-style: solid\">\n<h3><span style=\"color: #000000\">Cours de batterie<\/span><\/h3>\n<\/td>\n<\/tr>\n<tr style=\"height: 56px\">\n<td style=\"width: 25%;height: 56px;border-color: #000000;border-style: solid\">\n<ul>\n<li>\n<h4><span style=\"color: #000000\"><a style=\"color: #000000\" href=\"http:\/\/sonam.bzh\/ecole-de-musique\/professeurs\/benoit-marty\/\">MARTY Beno\u00eet<\/a><\/span><\/h4>\n<\/li>\n<\/ul>\n<\/td>\n<td style=\"width: 25%;height: 56px;border-color: #000000;border-style: solid\">\n<h3><span style=\"color: #000000\">Cours de piano, claviers, cuivres (trompette, cornet, bugle, trombone, tuba, cor)<\/span><\/h3>\n<h3><span style=\"color: #000000\">Atelier Ensemble \u00e0 vents<\/span><\/h3>\n<\/td>\n<\/tr>\n<tr style=\"height: 56px\">\n<td style=\"width: 25%;height: 56px;border-color: #000000;border-style: solid\">\n<ul style=\"list-style-type: disc\">\n<li><strong><span style=\"color: #000000\"><a style=\"color: #000000\" href=\"http:\/\/sonam.bzh\/ecole-de-musique\/professeurs\/anne-mercier\/\">MERCIER Anne<\/a><\/span><\/strong><\/li>\n<\/ul>\n<\/td>\n<td style=\"width: 25%;height: 56px;border-color: #000000;border-style: solid\">\n<h4><em><span style=\"color: #000000;font-size: inherit\">Accord\u00e9on chromatique<\/span><\/em><\/h4>\n<\/td>\n<\/tr>\n<tr style=\"height: 98px\">\n<td style=\"width: 25%;height: 71px;border-color: #000000;border-style: solid\">\n<ul>\n<li>\n<h4><span style=\"color: #000000\"><a style=\"color: #000000\" href=\"http:\/\/sonam.bzh\/ecole-de-musique\/professeurs\/eliza-perrin\/\">PERRIN Eliza<\/a><\/span><\/h4>\n<\/li>\n<\/ul>\n<\/td>\n<td style=\"width: 25%;height: 71px;border-color: #000000;border-style: solid\">\n<h3><span style=\"color: #000000\">Cours de fl\u00fbte traversi\u00e8re (m\u00e9tal et bois)<\/span><\/h3>\n<h3><span style=\"color: #000000\">Cours de fl\u00fbtes irlandaises<\/span><\/h3>\n<\/td>\n<\/tr>\n<tr style=\"height: 56px\">\n<td style=\"width: 25%;height: 56px;border-color: #000000;border-style: solid\">\n<ul>\n<li>\n<h4><a href=\"https:\/\/sonam.bzh\/ecole-de-musique\/professeurs\/sylvie-podolack\/\"><span style=\"color: #000000\">PODOLACK Sylvie<\/span><\/a><\/h4>\n<\/li>\n<\/ul>\n<\/td>\n<td style=\"width: 25%;height: 56px;border-color: #000000;border-style: solid\">\n<h3><span style=\"color: #000000\">Cours de violon<\/span><\/h3>\n<\/td>\n<\/tr>\n<tr style=\"height: 56px\">\n<td style=\"width: 25%;height: 56px;border-color: #000000;border-style: solid\">\n<ul>\n<li>\n<h4><span style=\"color: #000000\"><a style=\"color: #000000\" href=\"http:\/\/sonam.bzh\/ecole-de-musique\/professeurs\/mallory-pogam\/\">POGAM Mallory<\/a><\/span><\/h4>\n<\/li>\n<\/ul>\n<\/td>\n<td style=\"width: 25%;height: 56px;border-color: #000000;border-style: solid\">\n<h3><span style=\"color: #000000\">Cours de cornemuse \u00e9cossaise, smallpipe, uilleann pipe<\/span><\/h3>\n<\/td>\n<\/tr>\n<tr style=\"height: 56px\">\n<td style=\"width: 25%;height: 56px;border-color: #000000;border-style: solid\">\n<ul>\n<li>\n<h4><a href=\"https:\/\/sonam.bzh\/ecole-de-musique\/professeurs\/charles-quimbert\/\"><span style=\"color: #000000\">QUIMBERT Charles<\/span><\/a><\/h4>\n<\/li>\n<\/ul>\n<\/td>\n<td style=\"width: 25%;height: 56px;border-color: #000000;border-style: solid\">\n<h3><span style=\"color: #000000\">Atelier chant &laquo;&nbsp;Voix en chantier&nbsp;&raquo;<\/span><\/h3>\n<\/td>\n<\/tr>\n<tr style=\"height: 56px\">\n<td style=\"width: 25%;height: 56px;border-color: #000000;border-style: solid\">\n<ul>\n<li>\n<h4><a href=\"\/\/sonam.bzh\/ecole-de-musique\/professeurs\/gael-runigo\/\"><span style=\"color: #000000\">RUNIGO Ga\u00ebl<\/span><\/a><\/h4>\n<\/li>\n<\/ul>\n<\/td>\n<td style=\"width: 25%;height: 56px;border-color: #000000;border-style: solid\">\n<h3><span style=\"color: #000000\">Cours d&rsquo;accord\u00e9on diatonique<\/span><\/h3>\n<\/td>\n<\/tr>\n<tr style=\"height: 65px\">\n<td style=\"width: 25%;border-color: #000000;border-style: solid;height: 65px\">\n<ul>\n<li>\n<h4><a href=\"https:\/\/sonam.bzh\/ecole-de-musique\/professeurs\/nicolas-syz\/\"><span style=\"color: #000000\">SYZ Nicolas<\/span><\/a><\/h4>\n<\/li>\n<\/ul>\n<\/td>\n<td style=\"width: 25%;border-color: #000000;border-style: solid;height: 65px\">\n<h3><span style=\"color: #000000\">Cours de clarinette, de bombarde, de biniou<\/span><\/h3>\n<\/td>\n<\/tr>\n<tr style=\"height: 114px\">\n<td style=\"width: 25%;border-color: #000000;border-style: solid;height: 114px\">\n<ul>\n<li>\n<h4><a href=\"https:\/\/sonam.bzh\/ecole-de-musique\/professeurs\/marianne-tertrais\/\"><span style=\"color: #000000\">TERTRAIS Marianne<\/span><\/a><\/h4>\n<\/li>\n<\/ul>\n<\/td>\n<td style=\"width: 25%;border-color: #000000;border-style: solid;height: 114px\">\n<h3><span style=\"color: #000000\">Cours de harpe celtique<\/span><\/h3>\n<h3><span style=\"color: #000000\">Musicienne Dumiste intervenante dans les \u00e9coles<\/span><\/h3>\n<\/td>\n<\/tr>\n<\/tbody>\n<\/table>\n<p>&nbsp;<\/p>\n<p><\/p>","protected":false},"excerpt":{"rendered":"<p>Les professeurs de l&rsquo;\u00e9cole de musique Sonam&rsquo; &#8211; 2024 2025 BINET C\u00e9dric Atelier de chant traditionnel CALLAC Etienne Cours de guitare basse DAGORN Glenn Cours de piano, claviers, batterie, cajon, \u00e9veil musical et d\u00e9couverte musicale Atelier Triton et Cie (formation musicale) Atelier Percussions L&rsquo;orchestre des petites vacances DANIEL Gwenn\u00a0 Cours de piano, claviers DELORME Marion [&hellip;]<\/p>\n","protected":false},"author":1,"featured_media":0,"parent":40,"menu_order":0,"comment_status":"closed","ping_status":"closed","template":"","meta":{"_bbp_topic_count":0,"_bbp_reply_count":0,"_bbp_total_topic_count":0,"_bbp_total_reply_count":0,"_bbp_voice_count":0,"_bbp_anonymous_reply_count":0,"_bbp_topic_count_hidden":0,"_bbp_reply_count_hidden":0,"_bbp_forum_subforum_count":0,"ngg_post_thumbnail":0,"footnotes":""},"class_list":["post-42","page","type-page","status-publish","czr-hentry"],"yoast_head":"<!-- This site is optimized with the Yoast SEO plugin v27.5 - https:\/\/yoast.com\/product\/yoast-seo-wordpress\/ -->\n<title>Ar gelennerion - Sonam&#039; - Skol Sonerezh<\/title>\n<meta name=\"robots\" content=\"index, follow, max-snippet:-1, max-image-preview:large, max-video-preview:-1\" \/>\n<link rel=\"canonical\" href=\"https:\/\/sonam.bzh\/ecole-de-musique\/professeurs\/\" class=\"yoast-seo-meta-tag\" \/>\n<meta property=\"og:locale\" content=\"en_US\" class=\"yoast-seo-meta-tag\" \/>\n<meta property=\"og:type\" content=\"article\" class=\"yoast-seo-meta-tag\" \/>\n<meta property=\"og:title\" content=\"Ar gelennerion - Sonam&#039; - Skol Sonerezh\" class=\"yoast-seo-meta-tag\" \/>\n<meta property=\"og:description\" content=\"Les professeurs de l&rsquo;\u00e9cole de musique Sonam&rsquo; &#8211; 2024 2025 BINET C\u00e9dric Atelier de chant traditionnel CALLAC Etienne Cours de guitare basse DAGORN Glenn Cours de piano, claviers, batterie, cajon, \u00e9veil musical et d\u00e9couverte musicale Atelier Triton et Cie (formation musicale) Atelier Percussions L&rsquo;orchestre des petites vacances DANIEL Gwenn\u00a0 Cours de piano, claviers DELORME Marion [&hellip;]\" class=\"yoast-seo-meta-tag\" \/>\n<meta property=\"og:url\" content=\"https:\/\/sonam.bzh\/ecole-de-musique\/professeurs\/\" class=\"yoast-seo-meta-tag\" \/>\n<meta property=\"og:site_name\" content=\"Sonam&#039; - Skol Sonerezh\" class=\"yoast-seo-meta-tag\" \/>\n<meta property=\"article:publisher\" content=\"https:\/\/www.facebook.com\/SonamEcoleDeMusique\/\" class=\"yoast-seo-meta-tag\" \/>\n<meta property=\"article:modified_time\" content=\"2026-04-28T09:06:28+00:00\" class=\"yoast-seo-meta-tag\" \/>\n<meta name=\"twitter:card\" content=\"summary_large_image\" class=\"yoast-seo-meta-tag\" \/>\n<meta name=\"twitter:label1\" content=\"Est. reading time\" class=\"yoast-seo-meta-tag\" \/>\n\t<meta name=\"twitter:data1\" content=\"2 minutes\" class=\"yoast-seo-meta-tag\" \/>\n<script type=\"application\/ld+json\" class=\"yoast-schema-graph\">{\"@context\":\"https:\\\/\\\/schema.org\",\"@graph\":[{\"@type\":\"WebPage\",\"@id\":\"https:\\\/\\\/sonam.bzh\\\/ecole-de-musique\\\/professeurs\\\/\",\"url\":\"https:\\\/\\\/sonam.bzh\\\/ecole-de-musique\\\/professeurs\\\/\",\"name\":\"Ar gelennerion - Sonam&#039; - Skol Sonerezh\",\"isPartOf\":{\"@id\":\"https:\\\/\\\/sonam.bzh\\\/#website\"},\"datePublished\":\"2016-06-06T11:56:01+00:00\",\"dateModified\":\"2026-04-28T09:06:28+00:00\",\"breadcrumb\":{\"@id\":\"https:\\\/\\\/sonam.bzh\\\/ecole-de-musique\\\/professeurs\\\/#breadcrumb\"},\"inLanguage\":\"br\",\"potentialAction\":[{\"@type\":\"ReadAction\",\"target\":[\"https:\\\/\\\/sonam.bzh\\\/ecole-de-musique\\\/professeurs\\\/\"]}]},{\"@type\":\"BreadcrumbList\",\"@id\":\"https:\\\/\\\/sonam.bzh\\\/ecole-de-musique\\\/professeurs\\\/#breadcrumb\",\"itemListElement\":[{\"@type\":\"ListItem\",\"position\":1,\"name\":\"Accueil\",\"item\":\"https:\\\/\\\/sonam.bzh\\\/\"},{\"@type\":\"ListItem\",\"position\":2,\"name\":\"L&rsquo;\u00e9cole de musique Sonam&rsquo;\",\"item\":\"https:\\\/\\\/sonam.bzh\\\/ecole-de-musique\\\/\"},{\"@type\":\"ListItem\",\"position\":3,\"name\":\"Les professeurs\"}]},{\"@type\":\"WebSite\",\"@id\":\"https:\\\/\\\/sonam.bzh\\\/#website\",\"url\":\"https:\\\/\\\/sonam.bzh\\\/\",\"name\":\"Sonam - Ecole de Musique\",\"description\":\"Sonam&#039; - Skol Sonerezh\",\"potentialAction\":[{\"@type\":\"SearchAction\",\"target\":{\"@type\":\"EntryPoint\",\"urlTemplate\":\"https:\\\/\\\/sonam.bzh\\\/?s={search_term_string}\"},\"query-input\":{\"@type\":\"PropertyValueSpecification\",\"valueRequired\":true,\"valueName\":\"search_term_string\"}}],\"inLanguage\":\"br\"}]}<\/script>\n<!-- \/ Yoast SEO plugin. -->","yoast_head_json":{"title":"Ar gelennerion - Sonam&#039; - Skol Sonerezh","robots":{"index":"index","follow":"follow","max-snippet":"max-snippet:-1","max-image-preview":"max-image-preview:large","max-video-preview":"max-video-preview:-1"},"canonical":"https:\/\/sonam.bzh\/ecole-de-musique\/professeurs\/","og_locale":"en_US","og_type":"article","og_title":"Ar gelennerion - Sonam&#039; - Skol Sonerezh","og_description":"Les professeurs de l&rsquo;\u00e9cole de musique Sonam&rsquo; &#8211; 2024 2025 BINET C\u00e9dric Atelier de chant traditionnel CALLAC Etienne Cours de guitare basse DAGORN Glenn Cours de piano, claviers, batterie, cajon, \u00e9veil musical et d\u00e9couverte musicale Atelier Triton et Cie (formation musicale) Atelier Percussions L&rsquo;orchestre des petites vacances DANIEL Gwenn\u00a0 Cours de piano, claviers DELORME Marion [&hellip;]","og_url":"https:\/\/sonam.bzh\/ecole-de-musique\/professeurs\/","og_site_name":"Sonam&#039; - Skol Sonerezh","article_publisher":"https:\/\/www.facebook.com\/SonamEcoleDeMusique\/","article_modified_time":"2026-04-28T09:06:28+00:00","twitter_card":"summary_large_image","twitter_misc":{"Est. reading time":"2 minutes"},"schema":{"@context":"https:\/\/schema.org","@graph":[{"@type":"WebPage","@id":"https:\/\/sonam.bzh\/ecole-de-musique\/professeurs\/","url":"https:\/\/sonam.bzh\/ecole-de-musique\/professeurs\/","name":"Ar gelennerion - Sonam&#039; - Skol Sonerezh","isPartOf":{"@id":"https:\/\/sonam.bzh\/#website"},"datePublished":"2016-06-06T11:56:01+00:00","dateModified":"2026-04-28T09:06:28+00:00","breadcrumb":{"@id":"https:\/\/sonam.bzh\/ecole-de-musique\/professeurs\/#breadcrumb"},"inLanguage":"br","potentialAction":[{"@type":"ReadAction","target":["https:\/\/sonam.bzh\/ecole-de-musique\/professeurs\/"]}]},{"@type":"BreadcrumbList","@id":"https:\/\/sonam.bzh\/ecole-de-musique\/professeurs\/#breadcrumb","itemListElement":[{"@type":"ListItem","position":1,"name":"Accueil","item":"https:\/\/sonam.bzh\/"},{"@type":"ListItem","position":2,"name":"L&rsquo;\u00e9cole de musique Sonam&rsquo;","item":"https:\/\/sonam.bzh\/ecole-de-musique\/"},{"@type":"ListItem","position":3,"name":"Les professeurs"}]},{"@type":"WebSite","@id":"https:\/\/sonam.bzh\/#website","url":"https:\/\/sonam.bzh\/","name":"Sonam - Ecole de Musique","description":"Sonam&#039; - Skol Sonerezh","potentialAction":[{"@type":"SearchAction","target":{"@type":"EntryPoint","urlTemplate":"https:\/\/sonam.bzh\/?s={search_term_string}"},"query-input":{"@type":"PropertyValueSpecification","valueRequired":true,"valueName":"search_term_string"}}],"inLanguage":"br"}]}},"jetpack_sharing_enabled":true,"_links":{"self":[{"href":"https:\/\/sonam.bzh\/br\/wp-json\/wp\/v2\/pages\/42","targetHints":{"allow":["GET"]}}],"collection":[{"href":"https:\/\/sonam.bzh\/br\/wp-json\/wp\/v2\/pages"}],"about":[{"href":"https:\/\/sonam.bzh\/br\/wp-json\/wp\/v2\/types\/page"}],"author":[{"embeddable":true,"href":"https:\/\/sonam.bzh\/br\/wp-json\/wp\/v2\/users\/1"}],"replies":[{"embeddable":true,"href":"https:\/\/sonam.bzh\/br\/wp-json\/wp\/v2\/comments?post=42"}],"version-history":[{"count":0,"href":"https:\/\/sonam.bzh\/br\/wp-json\/wp\/v2\/pages\/42\/revisions"}],"up":[{"embeddable":true,"href":"https:\/\/sonam.bzh\/br\/wp-json\/wp\/v2\/pages\/40"}],"wp:attachment":[{"href":"https:\/\/sonam.bzh\/br\/wp-json\/wp\/v2\/media?parent=42"}],"curies":[{"name":"wp","href":"https:\/\/api.w.org\/{rel}","templated":true}]}}