{"id":2051,"date":"2026-02-07T16:10:32","date_gmt":"2026-02-07T15:10:32","guid":{"rendered":"https:\/\/sonam.bzh\/?page_id=2051"},"modified":"2026-03-24T16:34:03","modified_gmt":"2026-03-24T15:34:03","slug":"festitrad-jeux-sports-rencontres-et-decouvertes","status":"publish","type":"page","link":"https:\/\/sonam.bzh\/br\/festitrad-jeux-sports-rencontres-et-decouvertes\/","title":{"rendered":"(Fran\u00e7ais) Festitrad&rsquo; : jeux, sports, rencontres et d\u00e9couvertes"},"content":{"rendered":"<p class=\"qtranxs-available-languages-message qtranxs-available-languages-message-br\">non disponible For the sake of viewer convenience, the content is shown below in the alternative language. You may click the link to switch the active language.<\/p><p><\/p>\n<h2 style=\"text-align: center;\"><span style=\"color: #008000;\"><strong>JEUX, SPORTS,<img loading=\"lazy\" decoding=\"async\" class=\"wp-image-2056 alignleft\" src=\"https:\/\/sonam.bzh\/WP\/wp-content\/uploads\/2026\/02\/Europe_s_engage_RVB-248x300.jpg\" alt=\"\" width=\"116\" height=\"140\" srcset=\"https:\/\/sonam.bzh\/WP\/wp-content\/uploads\/2026\/02\/Europe_s_engage_RVB-248x300.jpg 248w, https:\/\/sonam.bzh\/WP\/wp-content\/uploads\/2026\/02\/Europe_s_engage_RVB-768x930.jpg 768w, https:\/\/sonam.bzh\/WP\/wp-content\/uploads\/2026\/02\/Europe_s_engage_RVB-600x726.jpg 600w, https:\/\/sonam.bzh\/WP\/wp-content\/uploads\/2026\/02\/Europe_s_engage_RVB.jpg 802w\" sizes=\"auto, (max-width: 116px) 100vw, 116px\" \/><\/strong><\/span><\/h2>\n<h2 style=\"text-align: center;\"><span style=\"color: #008000;\"><strong>RENCONTRES ET DECOUVERTES<\/strong><\/span><\/h2>\n<p>&nbsp;<\/p>\n<h3><span style=\"color: #0000ff;\"><span style=\"font-family: Calibri, sans-serif;\"><em>C&rsquo;hoario\u00f9 : &laquo;&nbsp;Kenstrivadeg paledo\u00f9&nbsp;&raquo;&nbsp; \/ <\/em><\/span><span style=\"font-family: Calibri, sans-serif;\"><b>Jeux \u00ab Concours de palets \u00bb&nbsp;<\/b><\/span><\/span><\/h3>\n<p><em><img loading=\"lazy\" decoding=\"async\" class=\"wp-image-1840 alignright\" src=\"https:\/\/sonam.bzh\/WP\/wp-content\/uploads\/2025\/02\/Palets-300x225.jpg\" alt=\"\" width=\"172\" height=\"130\" srcset=\"https:\/\/sonam.bzh\/WP\/wp-content\/uploads\/2025\/02\/Palets-300x225.jpg 300w, https:\/\/sonam.bzh\/WP\/wp-content\/uploads\/2025\/02\/Palets-1024x768.jpg 1024w, https:\/\/sonam.bzh\/WP\/wp-content\/uploads\/2025\/02\/Palets-768x576.jpg 768w, https:\/\/sonam.bzh\/WP\/wp-content\/uploads\/2025\/02\/Palets-600x450.jpg 600w, https:\/\/sonam.bzh\/WP\/wp-content\/uploads\/2025\/02\/Palets.jpg 1200w\" sizes=\"auto, (max-width: 172px) 100vw, 172px\" \/><\/em><\/p>\n<p><em><span style=\"font-family: Calibri, sans-serif;\">Les amateurs et passionn\u00e9s de palets bretons pourront se mesurer dans une ambiance conviviale. Organis\u00e9 par le club de foot <span style=\"color: #008000;\"><strong>Avenir de Sainte-H\u00e9l\u00e8ne<\/strong><\/span>, le tournoi est ouvert \u00e0 tous.<\/span><\/em><\/p>\n<p><span style=\"font-family: Calibri, sans-serif;\"><strong>Public concern\u00e9<\/strong>&nbsp;: adolescents et adultes<\/span><\/p>\n<p><span style=\"font-family: Calibri, sans-serif;\"><strong>Lieu<\/strong> : Derri\u00e8re la salle Beg er Lann<\/span><\/p>\n<p><span style=\"font-family: Calibri, sans-serif;\"><strong>Horaires&nbsp;<\/strong>: \u00e0 pr\u00e9ciser<\/span><\/p>\n<p><span style=\"font-family: Calibri, sans-serif;\"><strong>Tarif <\/strong>: 10 euros\/\u00e9quipe<\/span><\/p>\n<p><em><strong><span style=\"font-family: Calibri, sans-serif;\">Venir avec ses palets et sa planche.<\/span><\/strong><\/em><\/p>\n<p>&nbsp;<\/p>\n<h3><span style=\"color: #0000ff;\"><em> <span style=\"font-family: Calibri, sans-serif;\">C&rsquo;hoario\u00f9 koad \/&nbsp;<\/span><\/em><em><strong><span style=\"font-family: Calibri, sans-serif;\">Jeux en bois&nbsp;<\/span><\/strong><\/em><\/span><\/h3>\n<p style=\"text-align: justify;\"><em><span style=\"font-family: Calibri, sans-serif;\"><img loading=\"lazy\" decoding=\"async\" class=\" wp-image-1843 alignleft\" src=\"https:\/\/sonam.bzh\/WP\/wp-content\/uploads\/2025\/02\/spered-an-natur.png\" alt=\"\" width=\"129\" height=\"122\">Des jeux traditionnels bretons et en bois, pr\u00eat\u00e9s par <span style=\"color: #008000;\"><strong>Spered an natur<\/strong><\/span>, seront en acc\u00e8s libre sur le site : billard, labyrinthe&#8230;. feront le bonheur des enfants et des adultes. Une occasion de jouer en famille et entre amis, en d\u00e9gustant une cr\u00eape et en encourageant les joueurs de palets.&nbsp;<\/span><\/em><\/p>\n<p><em><span style=\"font-family: Calibri, sans-serif;\">Gratuit. Espace ext\u00e9rieur de la salle Beg er Lann<\/span><\/em><\/p>\n<p>&nbsp;<\/p>\n<p>&nbsp;<\/p>\n<h3><span style=\"color: #ff0000;\"><span style=\"color: #0000ff;\"><em>Sevel e venveg sonerezh <\/em><\/span><strong><span style=\"color: #0000ff;\">\/Atelier &laquo;&nbsp;Fabriquer son instrument de musique&nbsp;&raquo;<\/span><img loading=\"lazy\" decoding=\"async\" class=\" wp-image-1843 alignright\" src=\"https:\/\/sonam.bzh\/WP\/wp-content\/uploads\/2025\/02\/spered-an-natur.png\" alt=\"\" width=\"105\" height=\"99\"><\/strong><\/span><\/h3>\n<p>Cet atelier, propos\u00e9 par<span style=\"color: #008000;\"><strong> Spered an Natur<\/strong><\/span> et anim\u00e9 par G\u00e9raldine Beaumont, permettra aux enfants d&rsquo;utiliser leurs mains et des outils adapt\u00e9s pour construire un instrument de musique en bois et\/ou des mat\u00e9riaux de r\u00e9cup\u00e9ration. Quoi de mieux que de construire soi-m\u00eame et de repartir avec la fiert\u00e9 d&rsquo;avoir cr\u00e9\u00e9 un sifflet en bois de sureau ou un instrument de percussion !<\/p>\n<p>G\u00e9raldine Beaumont est \u00e9b\u00e9niste, restauratrice et plasticienne. Elle est \u00e9galement l&rsquo;auteure d&rsquo;un livre de bricolage pour enfants &laquo;&nbsp;Les maisonnettes d&rsquo;Aela et Lomig&nbsp;&raquo;.<\/p>\n<p><span style=\"font-family: Calibri, sans-serif;\"><strong>Public concern\u00e9<\/strong> : enfants \u00e0 partir de 7 ans<\/span><\/p>\n<p><span style=\"font-family: Calibri, sans-serif;\"><strong>Lieu<\/strong> : Espace ext\u00e9rieur Salle Beg er Lann (sous chapiteau)<\/span><\/p>\n<p><span style=\"font-family: Calibri, sans-serif;\"><strong>Horaires&nbsp;<\/strong>: un atelier \u00e0 13h30 et un autre \u00e0 15h15<\/span><\/p>\n<p><span style=\"font-family: Calibri, sans-serif;\"><strong>Tarif <\/strong>: 8 euros&nbsp;<\/span><\/p>\n<p><strong>Inscription<\/strong> : places limit\u00e9es \u00e0 8 enfants par atelier. <strong><span style=\"color: #ff00ff;\">S&rsquo;inscrire<\/span><\/strong> :<a href=\"https:\/\/framaforms.org\/fabriquer-mon-instrument-de-musique-1770835718\"><span style=\"color: #ff00ff;\"> Fabriquer son instrument de musique en bois<\/span><\/a><\/p>\n<p>&nbsp;<\/p>\n<h3><span style=\"color: #ff0000;\"><span style=\"color: #0000ff;\"><em>C&rsquo;hoario\u00f9 hengounel a Vreizh \/<\/em>&nbsp;<\/span><b><span style=\"color: #0000ff;\">Jeux bretons traditionnels<\/span><img loading=\"lazy\" decoding=\"async\" class=\" wp-image-2048 alignright\" src=\"https:\/\/sonam.bzh\/WP\/wp-content\/uploads\/2026\/02\/telechargement.jpg\" alt=\"\" width=\"159\" height=\"160\" srcset=\"https:\/\/sonam.bzh\/WP\/wp-content\/uploads\/2026\/02\/telechargement.jpg 224w, https:\/\/sonam.bzh\/WP\/wp-content\/uploads\/2026\/02\/telechargement-150x150.jpg 150w\" sizes=\"auto, (max-width: 159px) 100vw, 159px\" \/><\/b><\/span><\/h3>\n<p>Bazh yod, lancer de botte, de pierre, la planche&#8230;f\u00e9rus ou curieux, ce sera pour tous, avec Les Celtes du Morbihan (Riantec)<\/p>\n<p><strong>Horaire : <\/strong><em>Tout l&rsquo;apr\u00e8s-midi \u00e0 <strong>partir de 14h, animation enfants et adultes<\/strong><\/em><\/p>\n<p><strong>Lieu :<\/strong> Derri\u00e8re la maison des associations<\/p>\n<p><strong>Tarif :<\/strong> gratuit<\/p>\n<h3 style=\"text-align: center;\">&nbsp;<\/h3>\n<h3><span style=\"color: #0000ff;\"><span style=\"font-family: Calibri, sans-serif;\"><em>tro-dro d&rsquo;al lev<\/em><\/span><em><span style=\"font-family: Calibri, sans-serif;\">r<\/span><\/em><\/span><strong><span style=\"color: #ff0000; font-family: Calibri, sans-serif;\"><span style=\"color: #0000ff;\"> \/Rencontre-d\u00e9dicace autour du livre &laquo;&nbsp;Recettes d&rsquo;Ir\u00e8ne et d&rsquo;aujourd&rsquo;hui&nbsp;&raquo;<\/span><img loading=\"lazy\" decoding=\"async\" class=\"size-full wp-image-2044 alignright\" src=\"https:\/\/sonam.bzh\/WP\/wp-content\/uploads\/2026\/02\/OIP.jpg\" alt=\"\" width=\"180\" height=\"180\" srcset=\"https:\/\/sonam.bzh\/WP\/wp-content\/uploads\/2026\/02\/OIP.jpg 180w, https:\/\/sonam.bzh\/WP\/wp-content\/uploads\/2026\/02\/OIP-150x150.jpg 150w\" sizes=\"auto, (max-width: 180px) 100vw, 180px\" \/><\/span><\/strong><\/h3>\n<p>Julien et Maryline Le Mentec vous pr\u00e9sentent leur travail autour des recettes d&rsquo;Ir\u00e8ne,&nbsp; qui a fond\u00e9 la Tavarn ar Roue Morvan \u00e0 Lorient<\/p>\n<p><strong>Lieu :<\/strong> Devant Beg er lann<\/p>\n<p><strong>Horaires :<\/strong> 16h-20h<\/p>\n<h3>&nbsp;<\/h3>\n<h3><span style=\"color: #0000ff;\"><em><span style=\"font-family: Calibri, sans-serif;\">Dizoloadenn : Baleadenn sonet ha kanet \/ <\/span><\/em><span style=\"font-family: Calibri, sans-serif;\"><b>D\u00e9couverte : balade musicale&nbsp;<\/b><\/span><\/span><\/h3>\n<p style=\"text-align: justify;\"><em><span style=\"font-family: Calibri, sans-serif;\"><img loading=\"lazy\" decoding=\"async\" class=\"wp-image-2057 alignleft\" src=\"https:\/\/sonam.bzh\/WP\/wp-content\/uploads\/2026\/02\/Logo.jpg\" alt=\"\" width=\"120\" height=\"108\">Partez \u00e0 la d\u00e9couverte de quelques \u00e9l\u00e9ments du patrimoine h\u00e9l\u00e9nois avec les b\u00e9n\u00e9voles de l&rsquo;association<span style=\"color: #008000;\"><strong> Riantec Loisirs<\/strong><\/span> Ils vous guideront sur un circuit de 5-6 kms o\u00f9 quelques surprises musicales vous attendent&#8230; Des musiciens de<strong><span style=\"color: #008000;\"> Soubenn<\/span><\/strong> (Locmiqu\u00e9lic) seront pr\u00e9sents pour vous proposer une ambiance musicale pr\u00e8s des fontaines, dans un bois&#8230;et on pourra r\u00e9pondre en chantant sur le trajet ! L&rsquo;association Soubenn animera des points d&rsquo;\u00e9tapes..<\/span><\/em><\/p>\n<p><span style=\"font-family: Calibri, sans-serif;\"><strong>Public concern\u00e9<\/strong> : capacit\u00e9 de marcher 8 km<\/span><\/p>\n<p><span style=\"font-family: Calibri, sans-serif;\"><strong>Lieu<\/strong> : D\u00e9part&nbsp; : salle Beg Er Lann de Sainte H\u00e9l\u00e8ne, arriv\u00e9e place de mairie<\/span><\/p>\n<p><span style=\"font-family: Calibri, sans-serif;\"><strong>Horaires<\/strong> : Heure de d\u00e9part \u00e0 pr\u00e9ciser, retour vers 16h45<img loading=\"lazy\" decoding=\"async\" class=\" wp-image-1846 alignright\" src=\"https:\/\/sonam.bzh\/WP\/wp-content\/uploads\/2025\/02\/Carte-visite-300x196.png\" alt=\"\" width=\"173\" height=\"113\" srcset=\"https:\/\/sonam.bzh\/WP\/wp-content\/uploads\/2025\/02\/Carte-visite-300x196.png 300w, https:\/\/sonam.bzh\/WP\/wp-content\/uploads\/2025\/02\/Carte-visite-600x393.png 600w, https:\/\/sonam.bzh\/WP\/wp-content\/uploads\/2025\/02\/Carte-visite.png 739w\" sizes=\"auto, (max-width: 173px) 100vw, 173px\" \/><\/span><\/p>\n<p><span style=\"font-family: Calibri, sans-serif;\"><strong>Tarif<\/strong> : gratuit<\/span><\/p>\n<p><span style=\"font-family: Calibri, sans-serif;\"><strong>Inscription conseill\u00e9e pour faciliter l&rsquo;organisation<\/strong> :<span style=\"color: #ff00ff;\"><a style=\"color: #ff00ff;\" href=\"https:\/\/framaforms.org\/balade-musicale-1770562161\"> Inscription balade musicale<\/a><\/span><\/span><\/p>\n<h3>&nbsp;<\/h3>\n<h3><span style=\"color: #0000ff;\"><span style=\"font-family: Calibri, sans-serif;\"><em>Dizoloadenn \/ <\/em><\/span><span style=\"font-family: Calibri, sans-serif;\"><b>D\u00e9couverte : Bagad Bro Kervignag&nbsp;<\/b><\/span><\/span><\/h3>\n<p style=\"text-align: justify;\"><span style=\"font-family: Calibri, sans-serif;\">Vous pourrez venir \u00e9couter et applaudir le <strong><span style=\"color: #008000;\">Bagad de Kervignac<\/span><\/strong> qui sera pr\u00e9sent au Festitrad&nbsp;: une occasion d&rsquo;\u00e9couter quelques morceaux du r\u00e9pertoire traditionnel et de d\u00e9couvrir les instruments du bagad. <\/span><\/p>\n<p><span style=\"font-family: Calibri, sans-serif;\"><strong>Lieu<\/strong>&nbsp;: Salle Beg er Lann, en ext\u00e9rieur &#8211; Sainte-H\u00e9l\u00e8ne<img loading=\"lazy\" decoding=\"async\" class=\"wp-image-1847 alignright\" src=\"https:\/\/sonam.bzh\/WP\/wp-content\/uploads\/2025\/02\/images.png\" alt=\"\" width=\"102\" height=\"102\" srcset=\"https:\/\/sonam.bzh\/WP\/wp-content\/uploads\/2025\/02\/images.png 225w, https:\/\/sonam.bzh\/WP\/wp-content\/uploads\/2025\/02\/images-150x150.png 150w\" sizes=\"auto, (max-width: 102px) 100vw, 102px\" \/><\/span><\/p>\n<p><span style=\"font-family: Calibri, sans-serif;\"><strong>Horaires&nbsp;<\/strong>: <\/span><\/p>\n<ul>\n<li><span style=\"font-family: Calibri, sans-serif;\">Prestation du bagad : 19h30 devant MDA<\/span><\/li>\n<li><span style=\"font-family: Calibri, sans-serif; font-weight: inherit;\">Prestation duos de sonneurs : Place de la mairie, accueil balade 16h45 et plusieurs passages &laquo;&nbsp;sc\u00e8ne ext\u00e9rieure&nbsp;&raquo; entre 20h et 23h.<\/span><\/li>\n<\/ul>\n<p><span style=\"font-family: Calibri, sans-serif;\"><strong>Tarif<\/strong>&nbsp;: gratuit<\/span><\/p>\n<p>&nbsp;<\/p>\n<h3><span style=\"font-family: Calibri, sans-serif; color: #0000ff;\"><em>Dizoloadenn : Kanaouenno\u00f9 ar skolio\u00f9 \/ <\/em><\/span><span style=\"font-family: Calibri, sans-serif; color: #ff0000;\"><b><span style=\"color: #0000ff;\">D\u00e9couverte : chants des \u00e9coles<\/span> <\/b><em>&nbsp;<\/em><\/span><\/h3>\n<p style=\"text-align: justify;\"><span style=\"font-family: Calibri, sans-serif;\">Les \u00e9l\u00e8ves de l&rsquo;<span style=\"color: #008000;\"><strong>\u00e9cole Les Aigrettes de Nostang <\/strong><\/span>&nbsp;ont appris des chants en breton et en fran\u00e7ais sur le temps scolaire et en partenariat avec l&rsquo;\u00e9cole de musique Sonam&rsquo;. A l&rsquo;occasion du Festitrad&rsquo;, ils nous proposeront une petite restitution publique o\u00f9 vous \u00eates attendus pour les \u00e9couter et les encourager.. Une excellente occasion pour donner envie aux enfants de chanter, danser..<\/span><\/p>\n<p><span style=\"font-family: Calibri, sans-serif;\"><strong>Public concern\u00e9<\/strong>&nbsp;: tout le monde<img loading=\"lazy\" decoding=\"async\" class=\"size-medium wp-image-1848 alignright\" src=\"https:\/\/sonam.bzh\/WP\/wp-content\/uploads\/2025\/02\/istockphoto-1193410301-612x612-1-300x136.jpg\" alt=\"\" width=\"300\" height=\"136\" srcset=\"https:\/\/sonam.bzh\/WP\/wp-content\/uploads\/2025\/02\/istockphoto-1193410301-612x612-1-300x136.jpg 300w, https:\/\/sonam.bzh\/WP\/wp-content\/uploads\/2025\/02\/istockphoto-1193410301-612x612-1-600x273.jpg 600w, https:\/\/sonam.bzh\/WP\/wp-content\/uploads\/2025\/02\/istockphoto-1193410301-612x612-1.jpg 612w\" sizes=\"auto, (max-width: 300px) 100vw, 300px\" \/><\/span><\/p>\n<p><span style=\"font-family: Calibri, sans-serif;\"><strong>Lieu&nbsp;<\/strong>: Salle Beg Er Lann int\u00e9rieur ou ext\u00e9rieur<\/span><\/p>\n<p><span style=\"font-family: Calibri, sans-serif;\"><strong>Horaires<\/strong> : 17h<\/span><\/p>\n<p>&nbsp;<\/p>\n<p>&nbsp;<\/p>\n<h3><span style=\"color: #0000ff;\"><em>Dizoloadenn ar c&rsquo;han e laz-kana\u00f1<\/em><strong>\/ D\u00e9couverte : le chant chorale<\/strong><\/span><\/h3>\n<p>La<span style=\"color: #008000;\"><strong> chorale<\/strong><\/span> <span style=\"color: #008000;\"><strong>Boeh er mor &nbsp;&raquo; la voix de la mer&nbsp;&raquo; de Plouhinec<\/strong><\/span> vous propose un concert o\u00f9 vous aurez le plaisir d&rsquo;\u00e9couter des chants du monde, de la mer ou en breton vannetais. Les choristes de Plouhinec ne seront pas seuls : ils invitent pour ce concert la Chorale de Piriac\/mer.<\/p>\n<p><span style=\"font-family: Calibri, sans-serif;\"><strong>Public concern\u00e9<\/strong> : tout le monde<\/span><\/p>\n<p><span style=\"font-family: Calibri, sans-serif;\"><strong>Lieu<\/strong> : Eglise de Sainte-H\u00e9l\u00e8ne<\/span><\/p>\n<p><span style=\"font-family: Calibri, sans-serif;\"><strong>Horaires<\/strong> : 20h30<\/span><\/p>\n<p><span style=\"font-family: Calibri, sans-serif;\"><strong>Tarif<\/strong> : participation au chapeau<\/span><\/p>\n<p>&nbsp;<\/p>\n<h3><span style=\"color: #0000ff;\"><span style=\"font-family: Calibri, sans-serif;\"><em>Dizoloadenn \/&nbsp;<\/em><\/span><span style=\"font-family: Calibri, sans-serif;\"><b>D\u00e9couverte : Kan asambl&rsquo;<\/b><\/span><\/span><\/h3>\n<p style=\"text-align: justify;\"><span style=\"font-family: Calibri, sans-serif;\">Pendant le Rost er forn du midi et l&rsquo;ap\u00e9ro chant\u00e9, on partage quelques chansons \u00e0 r\u00e9pondre&#8230;on a besoin de vous pour r\u00e9pondre \u00e0 Elodie Jaffr\u00e9, Jean Paul Runigo&#8230;et vous!<\/span><\/p>\n<p><span style=\"font-family: Calibri, sans-serif;\"><strong>Public concern\u00e9<\/strong>&nbsp;: tout le monde<\/span><\/p>\n<p><span style=\"font-family: Calibri, sans-serif;\"><strong>Lieu<\/strong> : Rost er forn ! Salle Beg Er Lann \u2013 Espace ext\u00e9rieur<\/span><\/p>\n<p><span style=\"font-family: Calibri, sans-serif;\"><strong>Horaires<\/strong> : Repas du midi 12h30-14h, ap\u00e9ro chant\u00e9 17h30-18h30 et peut-\u00eatre des poussi\u00e8res&#8230;<\/span><\/p>\n<p><span style=\"font-family: Calibri, sans-serif;\"><strong>Tarif&nbsp;<\/strong>: gratuit. Possibilit\u00e9 de<span style=\"color: #ff00ff;\"><strong> s&rsquo;inscrire pour faciliter l&rsquo;organisation<\/strong><\/span>:<a href=\"https:\/\/framaforms.org\/participation-apero-chante-1770562409\"><span style=\"color: #ff00ff;\"> Signifier sa pr\u00e9sence pour chanter dans les temps de convivialit\u00e9 pour faciliter l&rsquo;organisation et encourager les organisateurs<\/span><\/a><\/span><\/p>\n<p><span style=\"font-family: Calibri, sans-serif;\"><strong>Renseignements sc\u00e8ne ouverte<\/strong>&nbsp;: <a href=\"mailto:contact@sonam.bzh\">contact@sonam.bzh<\/a>, 07 54 36 94 54<\/span><\/p>\n<h3>&nbsp;<\/h3>\n<h3><span style=\"color: #0000ff;\"><strong style=\"font-size: 17px;\">D\u00e9couverte &laquo;&nbsp;Pause <\/strong><strong style=\"font-size: 17px;\">d\u00e9compression gr\u00e2ce au shiatsu&nbsp;&raquo;\/<\/strong><span style=\"font-size: 17px; font-weight: inherit;\">ehan digreski\u00f1 shiatsu<\/span><\/span><\/h3>\n<div class=\"flex py-2 justify-between mt-5 pb-5\">&nbsp;<\/div>\n<p><img loading=\"lazy\" decoding=\"async\" class=\" wp-image-2058 alignleft\" src=\"https:\/\/sonam.bzh\/WP\/wp-content\/uploads\/2026\/02\/telechargement.png\" alt=\"\" width=\"162\" height=\"102\">D\u00e9tente, d\u00e9charge physique et mentale, regain d&rsquo;\u00e9nergie : <span style=\"color: #008000;\"><strong>&laquo;&nbsp;Alternative Shiatsu la sant\u00e9 autrement&nbsp;&raquo;<\/strong><\/span> vous propose une pause d\u00e9compression gr\u00e2ce au shiatsu sur une chaise ergonomique. Les points de pression sont r\u00e9alis\u00e9s avec les mains, les doigts et les coudes pour vous apporter tous les bienfaits possibles ! Un moment pour soi, \u00e0 ne pas manquer.<\/p>\n<p>Attention : cr\u00e9neau de 15 minutes par personnes &#8211; places limit\u00e9es.<\/p>\n<p><span style=\"font-family: Calibri, sans-serif;\"><strong>Public concern\u00e9<\/strong> : adolescents, adultes<\/span><\/p>\n<p><span style=\"font-family: Calibri, sans-serif;\"><strong>Lieu<\/strong> : \u00e0 d\u00e9finir<\/span><\/p>\n<p><span style=\"font-family: Calibri, sans-serif;\"><strong>Horaires<\/strong> : 14h30-16h30<\/span><\/p>\n<p><span style=\"font-family: Calibri, sans-serif;\"><strong>Tarif&nbsp;<\/strong>:&nbsp; <span style=\"color: #ff00ff;\"><strong>S&rsquo;inscrire<\/strong> <\/span>:<span style=\"color: #ff00ff;\"> <a style=\"color: #ff00ff;\" href=\"https:\/\/framaforms.org\/pause-decompression-shiatsu-1770841389\">Pause d\u00e9compression Shiatsu<\/a><\/span><\/span><\/p>\n<p>&nbsp;<\/p>\n<p>&nbsp;<\/p>\n<h3 style=\"text-align: center;\"><span style=\"color: #ff6600;\"><strong>Renseignements sur toutes ces propositions :<\/strong><\/span><\/h3>\n<h3 style=\"text-align: center;\"><span style=\"color: #ff6600;\"><strong>contact@sonam.bzh &#8211; 07 54 36 94 54<\/strong>&nbsp;<\/span><\/h3>\n<p><\/p>","protected":false},"excerpt":{"rendered":"<p>non disponible For the sake of viewer convenience, the content is shown below in the alternative language. You may click the link to switch the active language. JEUX, SPORTS, RENCONTRES ET DECOUVERTES &nbsp; C&rsquo;hoario\u00f9 : &laquo;&nbsp;Kenstrivadeg paledo\u00f9&nbsp;&raquo;&nbsp; \/ Jeux \u00ab Concours de palets \u00bb&nbsp; Les amateurs et passionn\u00e9s de palets bretons pourront se mesurer dans [&hellip;]<\/p>\n","protected":false},"author":300,"featured_media":0,"parent":0,"menu_order":0,"comment_status":"closed","ping_status":"closed","template":"","meta":{"_bbp_topic_count":0,"_bbp_reply_count":0,"_bbp_total_topic_count":0,"_bbp_total_reply_count":0,"_bbp_voice_count":0,"_bbp_anonymous_reply_count":0,"_bbp_topic_count_hidden":0,"_bbp_reply_count_hidden":0,"_bbp_forum_subforum_count":0,"ngg_post_thumbnail":0,"footnotes":""},"class_list":["post-2051","page","type-page","status-publish","czr-hentry"],"yoast_head":"<!-- This site is optimized with the Yoast SEO plugin v27.5 - https:\/\/yoast.com\/product\/yoast-seo-wordpress\/ -->\n<title>(Fran\u00e7ais) Festitrad&#039; : jeux, sports, rencontres et d\u00e9couvertes - Sonam&#039; - Skol Sonerezh<\/title>\n<meta name=\"robots\" content=\"index, follow, max-snippet:-1, max-image-preview:large, max-video-preview:-1\" \/>\n<link rel=\"canonical\" href=\"https:\/\/sonam.bzh\/festitrad-jeux-sports-rencontres-et-decouvertes\/\" class=\"yoast-seo-meta-tag\" \/>\n<meta property=\"og:locale\" content=\"en_US\" class=\"yoast-seo-meta-tag\" \/>\n<meta property=\"og:type\" content=\"article\" class=\"yoast-seo-meta-tag\" \/>\n<meta property=\"og:title\" content=\"(Fran\u00e7ais) Festitrad&#039; : jeux, sports, rencontres et d\u00e9couvertes - Sonam&#039; - Skol Sonerezh\" class=\"yoast-seo-meta-tag\" \/>\n<meta property=\"og:description\" content=\"non disponible For the sake of viewer convenience, the content is shown below in the alternative language. You may click the link to switch the active language. JEUX, SPORTS, RENCONTRES ET DECOUVERTES &nbsp; C&rsquo;hoario\u00f9 : &laquo;&nbsp;Kenstrivadeg paledo\u00f9&nbsp;&raquo;&nbsp; \/ Jeux \u00ab Concours de palets \u00bb&nbsp; Les amateurs et passionn\u00e9s de palets bretons pourront se mesurer dans [&hellip;]\" class=\"yoast-seo-meta-tag\" \/>\n<meta property=\"og:url\" content=\"https:\/\/sonam.bzh\/festitrad-jeux-sports-rencontres-et-decouvertes\/\" class=\"yoast-seo-meta-tag\" \/>\n<meta property=\"og:site_name\" content=\"Sonam&#039; - Skol Sonerezh\" class=\"yoast-seo-meta-tag\" \/>\n<meta property=\"article:publisher\" content=\"https:\/\/www.facebook.com\/SonamEcoleDeMusique\/\" class=\"yoast-seo-meta-tag\" \/>\n<meta property=\"article:modified_time\" content=\"2026-03-24T15:34:03+00:00\" class=\"yoast-seo-meta-tag\" \/>\n<meta property=\"og:image\" content=\"https:\/\/sonam.bzh\/WP\/wp-content\/uploads\/2026\/02\/Europe_s_engage_RVB.jpg\" class=\"yoast-seo-meta-tag\" \/>\n\t<meta property=\"og:image:width\" content=\"802\" class=\"yoast-seo-meta-tag\" \/>\n\t<meta property=\"og:image:height\" content=\"971\" class=\"yoast-seo-meta-tag\" \/>\n\t<meta property=\"og:image:type\" content=\"image\/jpeg\" class=\"yoast-seo-meta-tag\" \/>\n<meta name=\"twitter:card\" content=\"summary_large_image\" class=\"yoast-seo-meta-tag\" \/>\n<meta name=\"twitter:label1\" content=\"Est. reading time\" class=\"yoast-seo-meta-tag\" \/>\n\t<meta name=\"twitter:data1\" content=\"7 minutes\" class=\"yoast-seo-meta-tag\" \/>\n<script type=\"application\/ld+json\" class=\"yoast-schema-graph\">{\"@context\":\"https:\\\/\\\/schema.org\",\"@graph\":[{\"@type\":\"WebPage\",\"@id\":\"https:\\\/\\\/sonam.bzh\\\/festitrad-jeux-sports-rencontres-et-decouvertes\\\/\",\"url\":\"https:\\\/\\\/sonam.bzh\\\/festitrad-jeux-sports-rencontres-et-decouvertes\\\/\",\"name\":\"(Fran\u00e7ais) Festitrad' : jeux, sports, rencontres et d\u00e9couvertes - Sonam&#039; - Skol Sonerezh\",\"isPartOf\":{\"@id\":\"https:\\\/\\\/sonam.bzh\\\/#website\"},\"primaryImageOfPage\":{\"@id\":\"https:\\\/\\\/sonam.bzh\\\/festitrad-jeux-sports-rencontres-et-decouvertes\\\/#primaryimage\"},\"image\":{\"@id\":\"https:\\\/\\\/sonam.bzh\\\/festitrad-jeux-sports-rencontres-et-decouvertes\\\/#primaryimage\"},\"thumbnailUrl\":\"https:\\\/\\\/sonam.bzh\\\/WP\\\/wp-content\\\/uploads\\\/2026\\\/02\\\/Europe_s_engage_RVB-248x300.jpg\",\"datePublished\":\"2026-02-07T15:10:32+00:00\",\"dateModified\":\"2026-03-24T15:34:03+00:00\",\"breadcrumb\":{\"@id\":\"https:\\\/\\\/sonam.bzh\\\/festitrad-jeux-sports-rencontres-et-decouvertes\\\/#breadcrumb\"},\"inLanguage\":\"br\",\"potentialAction\":[{\"@type\":\"ReadAction\",\"target\":[\"https:\\\/\\\/sonam.bzh\\\/festitrad-jeux-sports-rencontres-et-decouvertes\\\/\"]}]},{\"@type\":\"ImageObject\",\"inLanguage\":\"br\",\"@id\":\"https:\\\/\\\/sonam.bzh\\\/festitrad-jeux-sports-rencontres-et-decouvertes\\\/#primaryimage\",\"url\":\"https:\\\/\\\/sonam.bzh\\\/WP\\\/wp-content\\\/uploads\\\/2026\\\/02\\\/Europe_s_engage_RVB-248x300.jpg\",\"contentUrl\":\"https:\\\/\\\/sonam.bzh\\\/WP\\\/wp-content\\\/uploads\\\/2026\\\/02\\\/Europe_s_engage_RVB-248x300.jpg\"},{\"@type\":\"BreadcrumbList\",\"@id\":\"https:\\\/\\\/sonam.bzh\\\/festitrad-jeux-sports-rencontres-et-decouvertes\\\/#breadcrumb\",\"itemListElement\":[{\"@type\":\"ListItem\",\"position\":1,\"name\":\"Accueil\",\"item\":\"https:\\\/\\\/sonam.bzh\\\/\"},{\"@type\":\"ListItem\",\"position\":2,\"name\":\"Festitrad&rsquo; : jeux, sports, rencontres et d\u00e9couvertes\"}]},{\"@type\":\"WebSite\",\"@id\":\"https:\\\/\\\/sonam.bzh\\\/#website\",\"url\":\"https:\\\/\\\/sonam.bzh\\\/\",\"name\":\"Sonam - Ecole de Musique\",\"description\":\"Sonam&#039; - Skol Sonerezh\",\"potentialAction\":[{\"@type\":\"SearchAction\",\"target\":{\"@type\":\"EntryPoint\",\"urlTemplate\":\"https:\\\/\\\/sonam.bzh\\\/?s={search_term_string}\"},\"query-input\":{\"@type\":\"PropertyValueSpecification\",\"valueRequired\":true,\"valueName\":\"search_term_string\"}}],\"inLanguage\":\"br\"}]}<\/script>\n<!-- \/ Yoast SEO plugin. -->","yoast_head_json":{"title":"(Fran\u00e7ais) Festitrad' : jeux, sports, rencontres et d\u00e9couvertes - Sonam&#039; - Skol Sonerezh","robots":{"index":"index","follow":"follow","max-snippet":"max-snippet:-1","max-image-preview":"max-image-preview:large","max-video-preview":"max-video-preview:-1"},"canonical":"https:\/\/sonam.bzh\/festitrad-jeux-sports-rencontres-et-decouvertes\/","og_locale":"en_US","og_type":"article","og_title":"(Fran\u00e7ais) Festitrad' : jeux, sports, rencontres et d\u00e9couvertes - Sonam&#039; - Skol Sonerezh","og_description":"non disponible For the sake of viewer convenience, the content is shown below in the alternative language. You may click the link to switch the active language. JEUX, SPORTS, RENCONTRES ET DECOUVERTES &nbsp; C&rsquo;hoario\u00f9 : &laquo;&nbsp;Kenstrivadeg paledo\u00f9&nbsp;&raquo;&nbsp; \/ Jeux \u00ab Concours de palets \u00bb&nbsp; Les amateurs et passionn\u00e9s de palets bretons pourront se mesurer dans [&hellip;]","og_url":"https:\/\/sonam.bzh\/festitrad-jeux-sports-rencontres-et-decouvertes\/","og_site_name":"Sonam&#039; - Skol Sonerezh","article_publisher":"https:\/\/www.facebook.com\/SonamEcoleDeMusique\/","article_modified_time":"2026-03-24T15:34:03+00:00","og_image":[{"width":802,"height":971,"url":"https:\/\/sonam.bzh\/WP\/wp-content\/uploads\/2026\/02\/Europe_s_engage_RVB.jpg","type":"image\/jpeg"}],"twitter_card":"summary_large_image","twitter_misc":{"Est. reading time":"7 minutes"},"schema":{"@context":"https:\/\/schema.org","@graph":[{"@type":"WebPage","@id":"https:\/\/sonam.bzh\/festitrad-jeux-sports-rencontres-et-decouvertes\/","url":"https:\/\/sonam.bzh\/festitrad-jeux-sports-rencontres-et-decouvertes\/","name":"(Fran\u00e7ais) Festitrad' : jeux, sports, rencontres et d\u00e9couvertes - Sonam&#039; - Skol Sonerezh","isPartOf":{"@id":"https:\/\/sonam.bzh\/#website"},"primaryImageOfPage":{"@id":"https:\/\/sonam.bzh\/festitrad-jeux-sports-rencontres-et-decouvertes\/#primaryimage"},"image":{"@id":"https:\/\/sonam.bzh\/festitrad-jeux-sports-rencontres-et-decouvertes\/#primaryimage"},"thumbnailUrl":"https:\/\/sonam.bzh\/WP\/wp-content\/uploads\/2026\/02\/Europe_s_engage_RVB-248x300.jpg","datePublished":"2026-02-07T15:10:32+00:00","dateModified":"2026-03-24T15:34:03+00:00","breadcrumb":{"@id":"https:\/\/sonam.bzh\/festitrad-jeux-sports-rencontres-et-decouvertes\/#breadcrumb"},"inLanguage":"br","potentialAction":[{"@type":"ReadAction","target":["https:\/\/sonam.bzh\/festitrad-jeux-sports-rencontres-et-decouvertes\/"]}]},{"@type":"ImageObject","inLanguage":"br","@id":"https:\/\/sonam.bzh\/festitrad-jeux-sports-rencontres-et-decouvertes\/#primaryimage","url":"https:\/\/sonam.bzh\/WP\/wp-content\/uploads\/2026\/02\/Europe_s_engage_RVB-248x300.jpg","contentUrl":"https:\/\/sonam.bzh\/WP\/wp-content\/uploads\/2026\/02\/Europe_s_engage_RVB-248x300.jpg"},{"@type":"BreadcrumbList","@id":"https:\/\/sonam.bzh\/festitrad-jeux-sports-rencontres-et-decouvertes\/#breadcrumb","itemListElement":[{"@type":"ListItem","position":1,"name":"Accueil","item":"https:\/\/sonam.bzh\/"},{"@type":"ListItem","position":2,"name":"Festitrad&rsquo; : jeux, sports, rencontres et d\u00e9couvertes"}]},{"@type":"WebSite","@id":"https:\/\/sonam.bzh\/#website","url":"https:\/\/sonam.bzh\/","name":"Sonam - Ecole de Musique","description":"Sonam&#039; - Skol Sonerezh","potentialAction":[{"@type":"SearchAction","target":{"@type":"EntryPoint","urlTemplate":"https:\/\/sonam.bzh\/?s={search_term_string}"},"query-input":{"@type":"PropertyValueSpecification","valueRequired":true,"valueName":"search_term_string"}}],"inLanguage":"br"}]}},"jetpack_sharing_enabled":true,"_links":{"self":[{"href":"https:\/\/sonam.bzh\/br\/wp-json\/wp\/v2\/pages\/2051","targetHints":{"allow":["GET"]}}],"collection":[{"href":"https:\/\/sonam.bzh\/br\/wp-json\/wp\/v2\/pages"}],"about":[{"href":"https:\/\/sonam.bzh\/br\/wp-json\/wp\/v2\/types\/page"}],"author":[{"embeddable":true,"href":"https:\/\/sonam.bzh\/br\/wp-json\/wp\/v2\/users\/300"}],"replies":[{"embeddable":true,"href":"https:\/\/sonam.bzh\/br\/wp-json\/wp\/v2\/comments?post=2051"}],"version-history":[{"count":0,"href":"https:\/\/sonam.bzh\/br\/wp-json\/wp\/v2\/pages\/2051\/revisions"}],"wp:attachment":[{"href":"https:\/\/sonam.bzh\/br\/wp-json\/wp\/v2\/media?parent=2051"}],"curies":[{"name":"wp","href":"https:\/\/api.w.org\/{rel}","templated":true}]}}