{"id":1489,"date":"2023-08-18T21:36:20","date_gmt":"2023-08-18T19:36:20","guid":{"rendered":"https:\/\/sonam.bzh\/?page_id=1489"},"modified":"2024-07-18T10:03:11","modified_gmt":"2024-07-18T08:03:11","slug":"gael-runigo","status":"publish","type":"page","link":"https:\/\/sonam.bzh\/br\/ecole-de-musique\/professeurs\/gael-runigo\/","title":{"rendered":"(Fran\u00e7ais) Ga\u00ebl Runigo"},"content":{"rendered":"<p class=\"qtranxs-available-languages-message qtranxs-available-languages-message-br\">non disponible For the sake of viewer convenience, the content is shown below in the alternative language. You may click the link to switch the active language.<\/p><p><\/p>\n<p><\/p>\n<p>Professeur d&rsquo;accord\u00e9on diatonique<\/p>\n<p><img loading=\"lazy\" decoding=\"async\" class=\"size-medium wp-image-1508 alignleft\" src=\"https:\/\/sonam.bzh\/WP\/wp-content\/uploads\/2023\/08\/Photo-Gael-Runigo-207x300.jpg\" alt=\"\" width=\"207\" height=\"300\" srcset=\"https:\/\/sonam.bzh\/WP\/wp-content\/uploads\/2023\/08\/Photo-Gael-Runigo-207x300.jpg 207w, https:\/\/sonam.bzh\/WP\/wp-content\/uploads\/2023\/08\/Photo-Gael-Runigo-706x1024.jpg 706w, https:\/\/sonam.bzh\/WP\/wp-content\/uploads\/2023\/08\/Photo-Gael-Runigo-768x1115.jpg 768w, https:\/\/sonam.bzh\/WP\/wp-content\/uploads\/2023\/08\/Photo-Gael-Runigo-1058x1536.jpg 1058w, https:\/\/sonam.bzh\/WP\/wp-content\/uploads\/2023\/08\/Photo-Gael-Runigo-1411x2048.jpg 1411w, https:\/\/sonam.bzh\/WP\/wp-content\/uploads\/2023\/08\/Photo-Gael-Runigo-scaled.jpg 1764w\" sizes=\"auto, (max-width: 207px) 100vw, 207px\" \/><\/p>\n<p><em>Ga\u00ebl Runigo<\/em><\/p>\n<p>Plong\u00e9 depuis tout jeune dans le bain de la musique traditionnelle, Ga\u00ebl a rencontr\u00e9 l&rsquo;accord\u00e9on diatonique dans l&rsquo;environnement bouillonnant de soir\u00e9es festives et musicales. Depuis, la passion du soufflet ne l&rsquo;a jamais quitt\u00e9, l&rsquo;envie de la transmettre lui est donc venue naturellement.\u00a0<\/p>\n<p>Titulaire du D.E de musique traditionnelle, il enseigne aujourd&rsquo;hui au CRI de Pontivy Communaut\u00e9 et anime de nombreux stages.<\/p>\n<p>Musicien \u00e9lectrique, il aime partager son bonheur de jouer avec le public. On a ainsi pu le voir et l&rsquo;entendre aux c\u00f4t\u00e9s, entre autres, des formations Alambig Electtrik, Noktam,&#8230; Toujours avide de nouvelles rencontres, il s&rsquo;illustre actuellement au sein de diff\u00e9rentes formations : en festo\u00f9-noz\/Bal avec le violoniste David Guichard et en concert au sein du groupe B\u00e8l Louize.<\/p>\n<p><strong>Pour \u00e9couter et voir: <a href=\"https:\/\/sonam.bzh\/ecole-de-musique\/professeurs\/gael-runigo\/\">Gael Runigo dans B\u00e8le Louize<\/a><\/strong><\/p>\n<p>Contact par mail : \n<div class=\"wpcf7 no-js\" id=\"wpcf7-f1511-o1\" lang=\"fr-FR\" dir=\"ltr\" data-wpcf7-id=\"1511\">\n<div class=\"screen-reader-response\"><p role=\"status\" aria-live=\"polite\" aria-atomic=\"true\"><\/p> <ul><\/ul><\/div>\n<form action=\"\/br\/wp-json\/wp\/v2\/pages\/1489#wpcf7-f1511-o1\" method=\"post\" class=\"wpcf7-form init\" aria-label=\"Formulaire de contact\" novalidate=\"novalidate\" data-status=\"init\">\n<fieldset class=\"hidden-fields-container\"><input type=\"hidden\" name=\"_wpcf7\" value=\"1511\" \/><input type=\"hidden\" name=\"_wpcf7_version\" value=\"6.1.5\" \/><input type=\"hidden\" name=\"_wpcf7_locale\" value=\"fr_FR\" \/><input type=\"hidden\" name=\"_wpcf7_unit_tag\" value=\"wpcf7-f1511-o1\" \/><input type=\"hidden\" name=\"_wpcf7_container_post\" value=\"0\" \/><input type=\"hidden\" name=\"_wpcf7_posted_data_hash\" value=\"\" \/>\n<\/fieldset>\n<p><label> Votre nom*<br \/>\n<span class=\"wpcf7-form-control-wrap\" data-name=\"your-name\"><input size=\"40\" maxlength=\"400\" class=\"wpcf7-form-control wpcf7-text wpcf7-validates-as-required\" autocomplete=\"name\" aria-required=\"true\" aria-invalid=\"false\" value=\"\" type=\"text\" name=\"your-name\" \/><\/span> <\/label>\n<\/p>\n<p><label> Votre e-mail*<br \/>\n<span class=\"wpcf7-form-control-wrap\" data-name=\"your-email\"><input size=\"40\" maxlength=\"400\" class=\"wpcf7-form-control wpcf7-email wpcf7-validates-as-required wpcf7-text wpcf7-validates-as-email\" autocomplete=\"email\" aria-required=\"true\" aria-invalid=\"false\" value=\"\" type=\"email\" name=\"your-email\" \/><\/span> <\/label>\n<\/p>\n<p><label> Votre message<br \/>\n<span class=\"wpcf7-form-control-wrap\" data-name=\"your-message\"><textarea cols=\"40\" rows=\"10\" maxlength=\"2000\" class=\"wpcf7-form-control wpcf7-textarea\" aria-invalid=\"false\" name=\"your-message\"><\/textarea><\/span> <\/label>\n<\/p>\n<p><input class=\"wpcf7-form-control wpcf7-submit has-spinner\" type=\"submit\" value=\"Envoyer\" \/>\n<\/p><p style=\"display: none !important;\" class=\"akismet-fields-container\" data-prefix=\"_wpcf7_ak_\"><label>&#916;<textarea name=\"_wpcf7_ak_hp_textarea\" cols=\"45\" rows=\"8\" maxlength=\"100\"><\/textarea><\/label><input type=\"hidden\" id=\"ak_js_1\" name=\"_wpcf7_ak_js\" value=\"171\"\/><script type=\"text\/javascript\">\n\/* <![CDATA[ *\/\ndocument.getElementById( \"ak_js_1\" ).setAttribute( \"value\", ( new Date() ).getTime() );\n\/* ]]> *\/\n<\/script>\n<\/p><div class=\"wpcf7-response-output\" aria-hidden=\"true\"><\/div>\n<\/form>\n<\/div>\n<\/p>\n<p><\/p>\n<p><\/p>","protected":false},"excerpt":{"rendered":"<p>non disponible For the sake of viewer convenience, the content is shown below in the alternative language. You may click the link to switch the active language. Professeur d&rsquo;accord\u00e9on diatonique Ga\u00ebl Runigo Plong\u00e9 depuis tout jeune dans le bain de la musique traditionnelle, Ga\u00ebl a rencontr\u00e9 l&rsquo;accord\u00e9on diatonique dans l&rsquo;environnement bouillonnant de soir\u00e9es festives et [&hellip;]<\/p>\n","protected":false},"author":6,"featured_media":1508,"parent":42,"menu_order":0,"comment_status":"closed","ping_status":"closed","template":"","meta":{"_bbp_topic_count":0,"_bbp_reply_count":0,"_bbp_total_topic_count":0,"_bbp_total_reply_count":0,"_bbp_voice_count":0,"_bbp_anonymous_reply_count":0,"_bbp_topic_count_hidden":0,"_bbp_reply_count_hidden":0,"_bbp_forum_subforum_count":0,"ngg_post_thumbnail":0,"footnotes":""},"class_list":["post-1489","page","type-page","status-publish","has-post-thumbnail","czr-hentry"],"yoast_head":"<!-- This site is optimized with the Yoast SEO plugin v27.5 - https:\/\/yoast.com\/product\/yoast-seo-wordpress\/ -->\n<title>(Fran\u00e7ais) Ga\u00ebl Runigo - Sonam&#039; - Skol Sonerezh<\/title>\n<meta name=\"robots\" content=\"index, follow, max-snippet:-1, max-image-preview:large, max-video-preview:-1\" \/>\n<link rel=\"canonical\" href=\"https:\/\/sonam.bzh\/ecole-de-musique\/professeurs\/gael-runigo\/\" class=\"yoast-seo-meta-tag\" \/>\n<meta property=\"og:locale\" content=\"en_US\" class=\"yoast-seo-meta-tag\" \/>\n<meta property=\"og:type\" content=\"article\" class=\"yoast-seo-meta-tag\" \/>\n<meta property=\"og:title\" content=\"(Fran\u00e7ais) Ga\u00ebl Runigo - Sonam&#039; - Skol Sonerezh\" class=\"yoast-seo-meta-tag\" \/>\n<meta property=\"og:description\" content=\"non disponible For the sake of viewer convenience, the content is shown below in the alternative language. You may click the link to switch the active language. Professeur d&rsquo;accord\u00e9on diatonique Ga\u00ebl Runigo Plong\u00e9 depuis tout jeune dans le bain de la musique traditionnelle, Ga\u00ebl a rencontr\u00e9 l&rsquo;accord\u00e9on diatonique dans l&rsquo;environnement bouillonnant de soir\u00e9es festives et [&hellip;]\" class=\"yoast-seo-meta-tag\" \/>\n<meta property=\"og:url\" content=\"https:\/\/sonam.bzh\/ecole-de-musique\/professeurs\/gael-runigo\/\" class=\"yoast-seo-meta-tag\" \/>\n<meta property=\"og:site_name\" content=\"Sonam&#039; - Skol Sonerezh\" class=\"yoast-seo-meta-tag\" \/>\n<meta property=\"article:publisher\" content=\"https:\/\/www.facebook.com\/SonamEcoleDeMusique\/\" class=\"yoast-seo-meta-tag\" \/>\n<meta property=\"article:modified_time\" content=\"2024-07-18T08:03:11+00:00\" class=\"yoast-seo-meta-tag\" \/>\n<meta property=\"og:image\" content=\"https:\/\/sonam.bzh\/WP\/wp-content\/uploads\/2023\/08\/Photo-Gael-Runigo-scaled.jpg\" class=\"yoast-seo-meta-tag\" \/>\n\t<meta property=\"og:image:width\" content=\"1764\" class=\"yoast-seo-meta-tag\" \/>\n\t<meta property=\"og:image:height\" content=\"2560\" class=\"yoast-seo-meta-tag\" \/>\n\t<meta property=\"og:image:type\" content=\"image\/jpeg\" class=\"yoast-seo-meta-tag\" \/>\n<meta name=\"twitter:card\" content=\"summary_large_image\" class=\"yoast-seo-meta-tag\" \/>\n<meta name=\"twitter:label1\" content=\"Est. reading time\" class=\"yoast-seo-meta-tag\" \/>\n\t<meta name=\"twitter:data1\" content=\"2 minutes\" class=\"yoast-seo-meta-tag\" \/>\n<script type=\"application\/ld+json\" class=\"yoast-schema-graph\">{\"@context\":\"https:\\\/\\\/schema.org\",\"@graph\":[{\"@type\":\"WebPage\",\"@id\":\"https:\\\/\\\/sonam.bzh\\\/ecole-de-musique\\\/professeurs\\\/gael-runigo\\\/\",\"url\":\"https:\\\/\\\/sonam.bzh\\\/ecole-de-musique\\\/professeurs\\\/gael-runigo\\\/\",\"name\":\"(Fran\u00e7ais) Ga\u00ebl Runigo - Sonam&#039; - Skol Sonerezh\",\"isPartOf\":{\"@id\":\"https:\\\/\\\/sonam.bzh\\\/#website\"},\"primaryImageOfPage\":{\"@id\":\"https:\\\/\\\/sonam.bzh\\\/ecole-de-musique\\\/professeurs\\\/gael-runigo\\\/#primaryimage\"},\"image\":{\"@id\":\"https:\\\/\\\/sonam.bzh\\\/ecole-de-musique\\\/professeurs\\\/gael-runigo\\\/#primaryimage\"},\"thumbnailUrl\":\"https:\\\/\\\/sonam.bzh\\\/WP\\\/wp-content\\\/uploads\\\/2023\\\/08\\\/Photo-Gael-Runigo-scaled.jpg\",\"datePublished\":\"2023-08-18T19:36:20+00:00\",\"dateModified\":\"2024-07-18T08:03:11+00:00\",\"breadcrumb\":{\"@id\":\"https:\\\/\\\/sonam.bzh\\\/ecole-de-musique\\\/professeurs\\\/gael-runigo\\\/#breadcrumb\"},\"inLanguage\":\"br\",\"potentialAction\":[{\"@type\":\"ReadAction\",\"target\":[\"https:\\\/\\\/sonam.bzh\\\/ecole-de-musique\\\/professeurs\\\/gael-runigo\\\/\"]}]},{\"@type\":\"ImageObject\",\"inLanguage\":\"br\",\"@id\":\"https:\\\/\\\/sonam.bzh\\\/ecole-de-musique\\\/professeurs\\\/gael-runigo\\\/#primaryimage\",\"url\":\"https:\\\/\\\/sonam.bzh\\\/WP\\\/wp-content\\\/uploads\\\/2023\\\/08\\\/Photo-Gael-Runigo-scaled.jpg\",\"contentUrl\":\"https:\\\/\\\/sonam.bzh\\\/WP\\\/wp-content\\\/uploads\\\/2023\\\/08\\\/Photo-Gael-Runigo-scaled.jpg\",\"width\":1764,\"height\":2560},{\"@type\":\"BreadcrumbList\",\"@id\":\"https:\\\/\\\/sonam.bzh\\\/ecole-de-musique\\\/professeurs\\\/gael-runigo\\\/#breadcrumb\",\"itemListElement\":[{\"@type\":\"ListItem\",\"position\":1,\"name\":\"Accueil\",\"item\":\"https:\\\/\\\/sonam.bzh\\\/\"},{\"@type\":\"ListItem\",\"position\":2,\"name\":\"L&rsquo;\u00e9cole de musique Sonam&rsquo;\",\"item\":\"https:\\\/\\\/sonam.bzh\\\/ecole-de-musique\\\/\"},{\"@type\":\"ListItem\",\"position\":3,\"name\":\"Les professeurs\",\"item\":\"https:\\\/\\\/sonam.bzh\\\/ecole-de-musique\\\/professeurs\\\/\"},{\"@type\":\"ListItem\",\"position\":4,\"name\":\"Ga\u00ebl Runigo\"}]},{\"@type\":\"WebSite\",\"@id\":\"https:\\\/\\\/sonam.bzh\\\/#website\",\"url\":\"https:\\\/\\\/sonam.bzh\\\/\",\"name\":\"Sonam - Ecole de Musique\",\"description\":\"Sonam&#039; - Skol Sonerezh\",\"potentialAction\":[{\"@type\":\"SearchAction\",\"target\":{\"@type\":\"EntryPoint\",\"urlTemplate\":\"https:\\\/\\\/sonam.bzh\\\/?s={search_term_string}\"},\"query-input\":{\"@type\":\"PropertyValueSpecification\",\"valueRequired\":true,\"valueName\":\"search_term_string\"}}],\"inLanguage\":\"br\"}]}<\/script>\n<!-- \/ Yoast SEO plugin. -->","yoast_head_json":{"title":"(Fran\u00e7ais) Ga\u00ebl Runigo - Sonam&#039; - Skol Sonerezh","robots":{"index":"index","follow":"follow","max-snippet":"max-snippet:-1","max-image-preview":"max-image-preview:large","max-video-preview":"max-video-preview:-1"},"canonical":"https:\/\/sonam.bzh\/ecole-de-musique\/professeurs\/gael-runigo\/","og_locale":"en_US","og_type":"article","og_title":"(Fran\u00e7ais) Ga\u00ebl Runigo - Sonam&#039; - Skol Sonerezh","og_description":"non disponible For the sake of viewer convenience, the content is shown below in the alternative language. You may click the link to switch the active language. Professeur d&rsquo;accord\u00e9on diatonique Ga\u00ebl Runigo Plong\u00e9 depuis tout jeune dans le bain de la musique traditionnelle, Ga\u00ebl a rencontr\u00e9 l&rsquo;accord\u00e9on diatonique dans l&rsquo;environnement bouillonnant de soir\u00e9es festives et [&hellip;]","og_url":"https:\/\/sonam.bzh\/ecole-de-musique\/professeurs\/gael-runigo\/","og_site_name":"Sonam&#039; - Skol Sonerezh","article_publisher":"https:\/\/www.facebook.com\/SonamEcoleDeMusique\/","article_modified_time":"2024-07-18T08:03:11+00:00","og_image":[{"width":1764,"height":2560,"url":"https:\/\/sonam.bzh\/WP\/wp-content\/uploads\/2023\/08\/Photo-Gael-Runigo-scaled.jpg","type":"image\/jpeg"}],"twitter_card":"summary_large_image","twitter_misc":{"Est. reading time":"2 minutes"},"schema":{"@context":"https:\/\/schema.org","@graph":[{"@type":"WebPage","@id":"https:\/\/sonam.bzh\/ecole-de-musique\/professeurs\/gael-runigo\/","url":"https:\/\/sonam.bzh\/ecole-de-musique\/professeurs\/gael-runigo\/","name":"(Fran\u00e7ais) Ga\u00ebl Runigo - Sonam&#039; - Skol Sonerezh","isPartOf":{"@id":"https:\/\/sonam.bzh\/#website"},"primaryImageOfPage":{"@id":"https:\/\/sonam.bzh\/ecole-de-musique\/professeurs\/gael-runigo\/#primaryimage"},"image":{"@id":"https:\/\/sonam.bzh\/ecole-de-musique\/professeurs\/gael-runigo\/#primaryimage"},"thumbnailUrl":"https:\/\/sonam.bzh\/WP\/wp-content\/uploads\/2023\/08\/Photo-Gael-Runigo-scaled.jpg","datePublished":"2023-08-18T19:36:20+00:00","dateModified":"2024-07-18T08:03:11+00:00","breadcrumb":{"@id":"https:\/\/sonam.bzh\/ecole-de-musique\/professeurs\/gael-runigo\/#breadcrumb"},"inLanguage":"br","potentialAction":[{"@type":"ReadAction","target":["https:\/\/sonam.bzh\/ecole-de-musique\/professeurs\/gael-runigo\/"]}]},{"@type":"ImageObject","inLanguage":"br","@id":"https:\/\/sonam.bzh\/ecole-de-musique\/professeurs\/gael-runigo\/#primaryimage","url":"https:\/\/sonam.bzh\/WP\/wp-content\/uploads\/2023\/08\/Photo-Gael-Runigo-scaled.jpg","contentUrl":"https:\/\/sonam.bzh\/WP\/wp-content\/uploads\/2023\/08\/Photo-Gael-Runigo-scaled.jpg","width":1764,"height":2560},{"@type":"BreadcrumbList","@id":"https:\/\/sonam.bzh\/ecole-de-musique\/professeurs\/gael-runigo\/#breadcrumb","itemListElement":[{"@type":"ListItem","position":1,"name":"Accueil","item":"https:\/\/sonam.bzh\/"},{"@type":"ListItem","position":2,"name":"L&rsquo;\u00e9cole de musique Sonam&rsquo;","item":"https:\/\/sonam.bzh\/ecole-de-musique\/"},{"@type":"ListItem","position":3,"name":"Les professeurs","item":"https:\/\/sonam.bzh\/ecole-de-musique\/professeurs\/"},{"@type":"ListItem","position":4,"name":"Ga\u00ebl Runigo"}]},{"@type":"WebSite","@id":"https:\/\/sonam.bzh\/#website","url":"https:\/\/sonam.bzh\/","name":"Sonam - Ecole de Musique","description":"Sonam&#039; - Skol Sonerezh","potentialAction":[{"@type":"SearchAction","target":{"@type":"EntryPoint","urlTemplate":"https:\/\/sonam.bzh\/?s={search_term_string}"},"query-input":{"@type":"PropertyValueSpecification","valueRequired":true,"valueName":"search_term_string"}}],"inLanguage":"br"}]}},"jetpack_sharing_enabled":true,"_links":{"self":[{"href":"https:\/\/sonam.bzh\/br\/wp-json\/wp\/v2\/pages\/1489","targetHints":{"allow":["GET"]}}],"collection":[{"href":"https:\/\/sonam.bzh\/br\/wp-json\/wp\/v2\/pages"}],"about":[{"href":"https:\/\/sonam.bzh\/br\/wp-json\/wp\/v2\/types\/page"}],"author":[{"embeddable":true,"href":"https:\/\/sonam.bzh\/br\/wp-json\/wp\/v2\/users\/6"}],"replies":[{"embeddable":true,"href":"https:\/\/sonam.bzh\/br\/wp-json\/wp\/v2\/comments?post=1489"}],"version-history":[{"count":0,"href":"https:\/\/sonam.bzh\/br\/wp-json\/wp\/v2\/pages\/1489\/revisions"}],"up":[{"embeddable":true,"href":"https:\/\/sonam.bzh\/br\/wp-json\/wp\/v2\/pages\/42"}],"wp:featuredmedia":[{"embeddable":true,"href":"https:\/\/sonam.bzh\/br\/wp-json\/wp\/v2\/media\/1508"}],"wp:attachment":[{"href":"https:\/\/sonam.bzh\/br\/wp-json\/wp\/v2\/media?parent=1489"}],"curies":[{"name":"wp","href":"https:\/\/api.w.org\/{rel}","templated":true}]}}